{"id":18090,"date":"2023-06-12T08:41:52","date_gmt":"2023-06-12T08:41:52","guid":{"rendered":"https:\/\/365-housse.com\/products\/housse-fauteuil-a-oreilles-jaune-moutarde\/"},"modified":"2024-09-17T14:54:16","modified_gmt":"2024-09-17T14:54:16","slug":"housse-fauteuil-a-oreilles-jaune-moutarde","status":"publish","type":"product","link":"https:\/\/365-housse.com\/es\/productos\/housse-fauteuil-a-oreilles-jaune-moutarde\/","title":{"rendered":"Funda para sill\u00f3n orejero amarillo mostaza"},"content":{"rendered":"<h2 data-mce-fragment=\"1\" data-pm-slice=\"1 1 []\">Dale a tu habitaci\u00f3n un toque de <strong data-mce-fragment=\"1\">clase y elegancia<\/ strong> con \u00a1La funda para sill\u00f3n orejero amarillo mostaza! Esta funda para sill\u00f3n es perfecta para a\u00f1adir personalidad a tus sillones. Ya sea para un evento corporativo o personal, est\u00e1 dise\u00f1ado para uso interior y exterior. Tambi\u00e9n es una gran adici\u00f3n a cualquier oficina en casa o espacio de trabajo.<\/h2>\n<\/p>\n<h3>Ventajas de la<span> <\/span><strong>Funda sill\u00f3n orejero Amarillo Mostaza<\/strong>: <\/h3>\n<ul>\n<li>\n<p>Aporta una nota <strong>sofisticada<\/strong> y <strong>c\u00e1lida<\/strong> a tu decoraci\u00f3n<\/p>\n<\/li>\n<li>\n<p>Ideal para devolverle vida a tu habitaci\u00f3n o transformar un espacio<\/p>\n<\/li>\n<li>\n<p>Garantiza una <strong>protecci\u00f3n \u00f3ptima<\/strong> contra la suciedad y las manchas<\/p>\n<\/li>\n<li>\n<p>Fabricado con <strong>tela de calidad<\/strong> para preservar tus sillones<\/p>\n<\/li>\n<li>F\u00e1cil de poner e instalar<\/li>\n<\/ul>\n<p><strong>Caracter\u00edsticas:<\/strong><\/p>\n<ul>\n<li>\n<p>Material: Poli\u00e9ster y spandex (material el\u00e1stico)<\/p>\n<\/li>\n<li>\n<p><strong>tejido de calidad superior<\/strong> para preservar tu sill\u00f3n<\/p>\n<\/li>\n<li>\n<p><strong>tecnolog\u00eda de impresi\u00f3n de alto rendimiento<\/strong> para una mayor resistencia del color a la luz y al lavado<\/p>\n<\/li>\n<li>\n<p>Lavable a m\u00e1quina (sin planchado y de secado r\u00e1pido)<\/p>\n<\/li>\n<li>\n<p>Diferentes usos: comedor, sal\u00f3n, despacho, dormitorio,&#8230;<\/p>\n<\/li>\n<\/ul>\n<p><strong>Gu\u00eda de tallas:<\/strong><\/p>\n<p><img decoding=\"async\" alt=\"\" src=\"https:\/\/365-housse.com\/wp-content\/uploads\/2023\/06\/housse-de-fauteuil-a-oreille-taille_480x480.jpg?v=1672164049\" \/><\/p>\n<p><strong>Gu\u00eda de instalaci\u00f3n:<\/strong><\/p>\n<p><img decoding=\"async\" alt=\"\" src=\"https:\/\/365-housse.com\/wp-content\/uploads\/2023\/06\/GUIDED_INSTALLATION_480x480.jpg?v=1672164126\" style=\"margin-left: auto\" \/><\/p>\n<p><strong>La diferencia Antes\/Despu\u00e9s: <\/strong><\/p>\n<p><img decoding=\"async\" alt=\"\" data-mce-fragment=\"1\" data-mce-src=\"https:\/\/365-housse.com\/wp-content\/uploads\/2023\/06\/Captured_ecran2022-12-26210827_480x480 .jpg?v=1672164367\" src=\"https:\/\/365-housse.com\/wp-content\/uploads\/2023\/06\/Captured_ecran2022-12-26210827_480x480.jpg?v=1672164367\" style=\"margin-left: auto;margin-right: auto\" \/>Los modelos de <a href=\"https:\/\/365-housse.com\/products\/housse-fauteuil-a-oreille-bleu-canard\/\" rel=\"noopener noreferrer\" target=\"_blank\" title=\"Funda para silla con respaldo de orejas azul Teacock\"><strong data-mce-fragment=\"1\">Funda para silla con respaldo de orejas azul Teacock<\/strong><\/a> son utilizadas por muchas personas durante las bodas. Adem\u00e1s de ser un bonito complemento para la decoraci\u00f3n, estos <a href=\"https:\/\/365-housse.com\/es\/collections\/funda-de-sillon\/\" rel=\"noopener noreferrer\" target=\"_blank\" title=\"Fundas para sillones\"><strong data-mce-fragment=\"1\">Fundas para sillones<\/strong><\/a> tambi\u00e9n protegen sus muebles de los da\u00f1os causados \u200b\u200bpor los invitados que podr\u00edan derramar comida o bebidas sobre ellos durante la recepci\u00f3n, una vez La cena ha terminado.<\/p>\n","protected":false},"excerpt":{"rendered":"<p>Dale a tu habitaci\u00f3n un toque de clase y elegancia con \u00a1La funda para sill\u00f3n orejero amarillo mostaza! Esta funda para sill\u00f3n es perfecta para a\u00f1adir personalidad a tus sillones. Ya sea para un evento corporativo o personal, est\u00e1 dise\u00f1ado para uso interior y exterior. Tambi\u00e9n es una gran adici\u00f3n a cualquier oficina en casa [&hellip;]<\/p>\n","protected":false},"featured_media":17276,"comment_status":"open","ping_status":"closed","template":"","meta":[],"product_cat":[159,161],"product_tag":[200],"class_list":{"0":"post-18090","1":"product","2":"type-product","3":"status-publish","4":"has-post-thumbnail","6":"product_cat-funda-de-sillon","7":"product_cat-portada-interior","8":"product_tag-fauteuil-es","10":"first","11":"instock","12":"shipping-taxable","13":"purchasable","14":"product-type-simple"},"yoast_head":"<title>Funda para sill\u00f3n orejero amarillo mostaza en entrega - gratis Ahorra un 30% en tu pedido<\/title>\n<meta name=\"description\" content=\"Recibe tu Funda para sill\u00f3n orejero amarillo mostaza hoy y benef\u00edciate de la entrega - gratuita Env\u00edo en 24\/48h\" \/>\n<meta name=\"robots\" content=\"index, follow, max-snippet:-1, max-image-preview:large, max-video-preview:-1\" \/>\n<link rel=\"canonical\" href=\"https:\/\/365-housse.com\/es\/productos\/housse-fauteuil-a-oreilles-jaune-moutarde\/\" \/>\n<meta property=\"og:locale\" content=\"es_ES\" \/>\n<meta property=\"og:type\" content=\"article\" \/>\n<meta property=\"og:title\" content=\"Funda para sill\u00f3n orejero amarillo mostaza en entrega - gratis Ahorra un 30% en tu pedido\" \/>\n<meta property=\"og:description\" content=\"Recibe tu Funda para sill\u00f3n orejero amarillo mostaza hoy y benef\u00edciate de la entrega - gratuita Env\u00edo en 24\/48h\" \/>\n<meta property=\"og:url\" content=\"https:\/\/365-housse.com\/es\/productos\/housse-fauteuil-a-oreilles-jaune-moutarde\/\" \/>\n<meta property=\"og:site_name\" content=\"Housse de Canap\u00e9\" \/>\n<meta property=\"article:modified_time\" content=\"2024-09-17T14:54:16+00:00\" \/>\n<meta property=\"og:image\" content=\"https:\/\/365-housse.com\/wp-content\/uploads\/2023\/06\/housse-de-fauteuil-a-oreilles-jaune-moutarde.jpg\" \/>\n\t<meta property=\"og:image:width\" content=\"453\" \/>\n\t<meta property=\"og:image:height\" content=\"439\" \/>\n\t<meta property=\"og:image:type\" content=\"image\/jpeg\" \/>\n<meta name=\"twitter:card\" content=\"summary_large_image\" \/>\n<meta name=\"twitter:label1\" content=\"Tiempo de lectura\" \/>\n\t<meta name=\"twitter:data1\" content=\"1 minuto\" \/>\n<script type=\"application\/ld+json\" class=\"yoast-schema-graph\">{\"@context\":\"https:\/\/schema.org\",\"@graph\":[{\"@type\":\"WebPage\",\"@id\":\"https:\/\/365-housse.com\/es\/productos\/housse-fauteuil-a-oreilles-jaune-moutarde\/\",\"url\":\"https:\/\/365-housse.com\/es\/productos\/housse-fauteuil-a-oreilles-jaune-moutarde\/\",\"name\":\"Funda para sill\u00f3n orejero amarillo mostaza en entrega - gratis Ahorra un 30% en tu pedido\",\"isPartOf\":{\"@id\":\"https:\/\/365-housse.com\/es\/#website\"},\"primaryImageOfPage\":{\"@id\":\"https:\/\/365-housse.com\/es\/productos\/housse-fauteuil-a-oreilles-jaune-moutarde\/#primaryimage\"},\"image\":{\"@id\":\"https:\/\/365-housse.com\/es\/productos\/housse-fauteuil-a-oreilles-jaune-moutarde\/#primaryimage\"},\"thumbnailUrl\":\"https:\/\/365-housse.com\/wp-content\/uploads\/2023\/06\/housse-de-fauteuil-a-oreilles-jaune-moutarde.jpg\",\"datePublished\":\"2023-06-12T08:41:52+00:00\",\"dateModified\":\"2024-09-17T14:54:16+00:00\",\"description\":\"Recibe tu Funda para sill\u00f3n orejero amarillo mostaza hoy y benef\u00edciate de la entrega - gratuita Env\u00edo en 24\/48h\",\"breadcrumb\":{\"@id\":\"https:\/\/365-housse.com\/es\/productos\/housse-fauteuil-a-oreilles-jaune-moutarde\/#breadcrumb\"},\"inLanguage\":\"es\",\"potentialAction\":[{\"@type\":\"ReadAction\",\"target\":[\"https:\/\/365-housse.com\/es\/productos\/housse-fauteuil-a-oreilles-jaune-moutarde\/\"]}]},{\"@type\":\"ImageObject\",\"inLanguage\":\"es\",\"@id\":\"https:\/\/365-housse.com\/es\/productos\/housse-fauteuil-a-oreilles-jaune-moutarde\/#primaryimage\",\"url\":\"https:\/\/365-housse.com\/wp-content\/uploads\/2023\/06\/housse-de-fauteuil-a-oreilles-jaune-moutarde.jpg\",\"contentUrl\":\"https:\/\/365-housse.com\/wp-content\/uploads\/2023\/06\/housse-de-fauteuil-a-oreilles-jaune-moutarde.jpg\",\"width\":453,\"height\":439},{\"@type\":\"BreadcrumbList\",\"@id\":\"https:\/\/365-housse.com\/es\/productos\/housse-fauteuil-a-oreilles-jaune-moutarde\/#breadcrumb\",\"itemListElement\":[{\"@type\":\"ListItem\",\"position\":1,\"name\":\"Accueil\",\"item\":\"https:\/\/365-housse.com\/es\/\"},{\"@type\":\"ListItem\",\"position\":2,\"name\":\"Tienda\",\"item\":\"https:\/\/365-housse.com\/es\/tienda\/\"},{\"@type\":\"ListItem\",\"position\":3,\"name\":\"Funda para sill\u00f3n orejero amarillo mostaza\"}]},{\"@type\":\"WebSite\",\"@id\":\"https:\/\/365-housse.com\/es\/#website\",\"url\":\"https:\/\/365-housse.com\/es\/\",\"name\":\"Housse de Canap\u00e9\",\"description\":\"Le N\u00b01 de la Housse\",\"publisher\":{\"@id\":\"https:\/\/365-housse.com\/es\/#organization\"},\"potentialAction\":[{\"@type\":\"SearchAction\",\"target\":{\"@type\":\"EntryPoint\",\"urlTemplate\":\"https:\/\/365-housse.com\/es\/?s={search_term_string}\"},\"query-input\":{\"@type\":\"PropertyValueSpecification\",\"valueRequired\":true,\"valueName\":\"search_term_string\"}}],\"inLanguage\":\"es\"},{\"@type\":\"Organization\",\"@id\":\"https:\/\/365-housse.com\/es\/#organization\",\"name\":\"Housse de Canap\u00e9\",\"url\":\"https:\/\/365-housse.com\/es\/\",\"logo\":{\"@type\":\"ImageObject\",\"inLanguage\":\"es\",\"@id\":\"https:\/\/365-housse.com\/es\/#\/schema\/logo\/image\/\",\"url\":\"https:\/\/365-housse.com\/wp-content\/uploads\/2023\/06\/LOGO-400-\u00d7-200-px-392-x-134-px-16.png\",\"contentUrl\":\"https:\/\/365-housse.com\/wp-content\/uploads\/2023\/06\/LOGO-400-\u00d7-200-px-392-x-134-px-16.png\",\"width\":392,\"height\":134,\"caption\":\"Housse de Canap\u00e9\"},\"image\":{\"@id\":\"https:\/\/365-housse.com\/es\/#\/schema\/logo\/image\/\"}}]}<\/script>","yoast_head_json":{"title":"Funda para sill\u00f3n orejero amarillo mostaza en entrega - gratis Ahorra un 30% en tu pedido","description":"Recibe tu Funda para sill\u00f3n orejero amarillo mostaza hoy y benef\u00edciate de la entrega - gratuita Env\u00edo en 24\/48h","robots":{"index":"index","follow":"follow","max-snippet":"max-snippet:-1","max-image-preview":"max-image-preview:large","max-video-preview":"max-video-preview:-1"},"canonical":"https:\/\/365-housse.com\/es\/productos\/housse-fauteuil-a-oreilles-jaune-moutarde\/","og_locale":"es_ES","og_type":"article","og_title":"Funda para sill\u00f3n orejero amarillo mostaza en entrega - gratis Ahorra un 30% en tu pedido","og_description":"Recibe tu Funda para sill\u00f3n orejero amarillo mostaza hoy y benef\u00edciate de la entrega - gratuita Env\u00edo en 24\/48h","og_url":"https:\/\/365-housse.com\/es\/productos\/housse-fauteuil-a-oreilles-jaune-moutarde\/","og_site_name":"Housse de Canap\u00e9","article_modified_time":"2024-09-17T14:54:16+00:00","og_image":[{"width":453,"height":439,"url":"https:\/\/365-housse.com\/wp-content\/uploads\/2023\/06\/housse-de-fauteuil-a-oreilles-jaune-moutarde.jpg","type":"image\/jpeg"}],"twitter_card":"summary_large_image","twitter_misc":{"Tiempo de lectura":"1 minuto"},"schema":{"@context":"https:\/\/schema.org","@graph":[{"@type":"WebPage","@id":"https:\/\/365-housse.com\/es\/productos\/housse-fauteuil-a-oreilles-jaune-moutarde\/","url":"https:\/\/365-housse.com\/es\/productos\/housse-fauteuil-a-oreilles-jaune-moutarde\/","name":"Funda para sill\u00f3n orejero amarillo mostaza en entrega - gratis Ahorra un 30% en tu pedido","isPartOf":{"@id":"https:\/\/365-housse.com\/es\/#website"},"primaryImageOfPage":{"@id":"https:\/\/365-housse.com\/es\/productos\/housse-fauteuil-a-oreilles-jaune-moutarde\/#primaryimage"},"image":{"@id":"https:\/\/365-housse.com\/es\/productos\/housse-fauteuil-a-oreilles-jaune-moutarde\/#primaryimage"},"thumbnailUrl":"https:\/\/365-housse.com\/wp-content\/uploads\/2023\/06\/housse-de-fauteuil-a-oreilles-jaune-moutarde.jpg","datePublished":"2023-06-12T08:41:52+00:00","dateModified":"2024-09-17T14:54:16+00:00","description":"Recibe tu Funda para sill\u00f3n orejero amarillo mostaza hoy y benef\u00edciate de la entrega - gratuita Env\u00edo en 24\/48h","breadcrumb":{"@id":"https:\/\/365-housse.com\/es\/productos\/housse-fauteuil-a-oreilles-jaune-moutarde\/#breadcrumb"},"inLanguage":"es","potentialAction":[{"@type":"ReadAction","target":["https:\/\/365-housse.com\/es\/productos\/housse-fauteuil-a-oreilles-jaune-moutarde\/"]}]},{"@type":"ImageObject","inLanguage":"es","@id":"https:\/\/365-housse.com\/es\/productos\/housse-fauteuil-a-oreilles-jaune-moutarde\/#primaryimage","url":"https:\/\/365-housse.com\/wp-content\/uploads\/2023\/06\/housse-de-fauteuil-a-oreilles-jaune-moutarde.jpg","contentUrl":"https:\/\/365-housse.com\/wp-content\/uploads\/2023\/06\/housse-de-fauteuil-a-oreilles-jaune-moutarde.jpg","width":453,"height":439},{"@type":"BreadcrumbList","@id":"https:\/\/365-housse.com\/es\/productos\/housse-fauteuil-a-oreilles-jaune-moutarde\/#breadcrumb","itemListElement":[{"@type":"ListItem","position":1,"name":"Accueil","item":"https:\/\/365-housse.com\/es\/"},{"@type":"ListItem","position":2,"name":"Tienda","item":"https:\/\/365-housse.com\/es\/tienda\/"},{"@type":"ListItem","position":3,"name":"Funda para sill\u00f3n orejero amarillo mostaza"}]},{"@type":"WebSite","@id":"https:\/\/365-housse.com\/es\/#website","url":"https:\/\/365-housse.com\/es\/","name":"Housse de Canap\u00e9","description":"Le N\u00b01 de la Housse","publisher":{"@id":"https:\/\/365-housse.com\/es\/#organization"},"potentialAction":[{"@type":"SearchAction","target":{"@type":"EntryPoint","urlTemplate":"https:\/\/365-housse.com\/es\/?s={search_term_string}"},"query-input":{"@type":"PropertyValueSpecification","valueRequired":true,"valueName":"search_term_string"}}],"inLanguage":"es"},{"@type":"Organization","@id":"https:\/\/365-housse.com\/es\/#organization","name":"Housse de Canap\u00e9","url":"https:\/\/365-housse.com\/es\/","logo":{"@type":"ImageObject","inLanguage":"es","@id":"https:\/\/365-housse.com\/es\/#\/schema\/logo\/image\/","url":"https:\/\/365-housse.com\/wp-content\/uploads\/2023\/06\/LOGO-400-\u00d7-200-px-392-x-134-px-16.png","contentUrl":"https:\/\/365-housse.com\/wp-content\/uploads\/2023\/06\/LOGO-400-\u00d7-200-px-392-x-134-px-16.png","width":392,"height":134,"caption":"Housse de Canap\u00e9"},"image":{"@id":"https:\/\/365-housse.com\/es\/#\/schema\/logo\/image\/"}}]}},"_links":{"self":[{"href":"https:\/\/365-housse.com\/es\/wp-json\/wp\/v2\/product\/18090"}],"collection":[{"href":"https:\/\/365-housse.com\/es\/wp-json\/wp\/v2\/product"}],"about":[{"href":"https:\/\/365-housse.com\/es\/wp-json\/wp\/v2\/types\/product"}],"replies":[{"embeddable":true,"href":"https:\/\/365-housse.com\/es\/wp-json\/wp\/v2\/comments?post=18090"}],"wp:featuredmedia":[{"embeddable":true,"href":"https:\/\/365-housse.com\/es\/wp-json\/wp\/v2\/media\/17276"}],"wp:attachment":[{"href":"https:\/\/365-housse.com\/es\/wp-json\/wp\/v2\/media?parent=18090"}],"wp:term":[{"taxonomy":"product_cat","embeddable":true,"href":"https:\/\/365-housse.com\/es\/wp-json\/wp\/v2\/product_cat?post=18090"},{"taxonomy":"product_tag","embeddable":true,"href":"https:\/\/365-housse.com\/es\/wp-json\/wp\/v2\/product_tag?post=18090"}],"curies":[{"name":"wp","href":"https:\/\/api.w.org\/{rel}","templated":true}]}}