{"id":18116,"date":"2023-06-12T08:41:34","date_gmt":"2023-06-12T08:41:34","guid":{"rendered":"https:\/\/365-housse.com\/products\/housse-fauteuil-extensible-gris\/"},"modified":"2024-09-17T14:54:24","modified_gmt":"2024-09-17T14:54:24","slug":"housse-fauteuil-extensible-gris","status":"publish","type":"product","link":"https:\/\/365-housse.com\/es\/productos\/housse-fauteuil-extensible-gris\/","title":{"rendered":"Funda de sill\u00f3n el\u00e1stica gris"},"content":{"rendered":"<h2 data-pm-slice=\"1 1 []\">Opte por esta <strong>funda de sill\u00f3n extensible gris<\/strong> para a\u00f1adir un toque de elegancia a su interior y cambiar f\u00e1cilmente el aspecto de su sill\u00f3n. Con esta funda podr\u00e1s transformar tu sal\u00f3n en segundos en un espacio confortable y relajante.\u00a0<\/h2>\n<h3>Las ventajas de la <strong>funda el\u00e1stica para sill\u00f3n gris<\/strong>: <\/h3>\n<ul>\n<li>\n<p>Aporta un toque de <strong>seducci\u00f3n encantadora<\/strong> y un ambiente <strong>acogedor<\/strong> a tu interior<\/p>\n<\/li>\n<li>\n<p>Permite cambiar la decoraci\u00f3n o transformar un espacio<\/p>\n<\/li>\n<li>\n<p>Garantiza una <strong>protecci\u00f3n \u00f3ptima<\/strong> contra la suciedad y las manchas<\/p>\n<\/li>\n<li>\n<p>Hecho de <strong>tejido de calidad<\/strong><\/p>\n<\/li>\n<li>\n<p>F\u00e1cil de poner e instalar<\/p>\n<\/li>\n<\/ul>\n<p><strong>Caracter\u00edsticas:<\/strong><\/p>\n<ul>\n<li>\n<p>Material: Poli\u00e9ster y spandex (material el\u00e1stico)<\/p>\n<\/li>\n<li>\n<p><strong>Tejidos de calidad<\/strong> preservando tu silla<\/p>\n<\/li>\n<li>\n<p><strong>impresi\u00f3n de ultra rendimiento<\/strong> para una mayor resistencia del color a la luz y al lavado<\/p>\n<\/li>\n<li>\n<p>Lavable a m\u00e1quina (sin planchado y de secado r\u00e1pido)<\/p>\n<\/li>\n<li>\n<p>Diferentes usos: comedor, sal\u00f3n, despacho, dormitorio,&#8230;<\/p>\n<\/li>\n<li>\n<p>El paquete incluye una funda de sill\u00f3n y una funda de coj\u00edn<\/p>\n<\/li>\n<\/ul>\n<p><strong>Gu\u00eda de tallas:<\/strong> <\/p>\n<p style=\"text-align: center\"><img decoding=\"async\" alt=\"\" data-mce-src=\"https:\/\/365-housse.com\/wp-content\/uploads\/2023\/06\/housse-fauteuil-extensible -taille_480x480.jpg?v=1680200893\" src=\"https:\/\/365-housse.com\/wp-content\/uploads\/2023\/06\/housse-fauteuil-extensible-taille_480x480.jpg?v=1680200893\" \/><\/ p><\/p>\n<p><strong>Gu\u00eda de instalaci\u00f3n:<\/strong><\/p>\n<p style=\"text-align: center\"><img decoding=\"async\" alt=\"\" data-mce-src=\"https:\/\/365-housse.com\/wp-content\/uploads\/2023\/06\/housse-fauteuil-extensible -installation_480x480.jpg?v=1680201308\" src=\"https:\/\/365-housse.com\/wp-content\/uploads\/2023\/06\/housse-fauteuil-extensible-installation_480x480.jpg?v=1680201308\" \/><\/ p><\/p>\n<p><strong>La diferencia Antes\/Despu\u00e9s: <\/strong><\/p>\n<p><img decoding=\"async\" alt=\"\" data-mce-fragment=\"1\" data-mce-src=\"https:\/\/365-housse.com\/wp-content\/uploads\/2023\/06\/Captured_ecran2022-12-26210827_480x480 .jpg?v=1672164367\" src=\"https:\/\/365-housse.com\/wp-content\/uploads\/2023\/06\/Captured_ecran2022-12-26210827_480x480.jpg?v=1672164367\" style=\"margin-left: auto\" \/><\/p>\n<p>Nuestra tienda ofrece una amplia gama de <a href=\"https:\/\/365-housse.com\/es\/collections\/funda-de-sillon\/\" rel=\"noopener noreferrer\" target=\"_blank\" title=\" Fundas para Sill\u00f3n\"><strong>Fundas para Sill\u00f3n<\/strong><\/a> para satisfacer todas tus necesidades de dise\u00f1o de interiores. Tanto si eres m\u00e1s cl\u00e1sico con colores lisos como m\u00e1s atrevido con estampados geom\u00e9tricos, rayas o estampados florales, tenemos lo que necesitas. Y si quieres darle un toque de color alegre a tu sal\u00f3n, nuestro <a href=\"https:\/\/365-housse.com\/products\/housse-fauteuil-extensible-lilas\/\" rel=\"noopener noreferrer\" target=\" _blank\" title=\"Funda el\u00e1stica para sill\u00f3n lila\"><strong>Funda el\u00e1stica para sill\u00f3n lila<\/strong><\/a> es la elecci\u00f3n perfecta. Su innovador dise\u00f1o te permite conservar tu sill\u00f3n a la vez que ofrece un ambiente c\u00e1lido y elegante a tu decoraci\u00f3n.<\/p>\n","protected":false},"excerpt":{"rendered":"<p>Opte por esta funda de sill\u00f3n extensible gris para a\u00f1adir un toque de elegancia a su interior y cambiar f\u00e1cilmente el aspecto de su sill\u00f3n. Con esta funda podr\u00e1s transformar tu sal\u00f3n en segundos en un espacio confortable y relajante.\u00a0 Las ventajas de la funda el\u00e1stica para sill\u00f3n gris: Aporta un toque de seducci\u00f3n encantadora [&hellip;]<\/p>\n","protected":false},"featured_media":17242,"comment_status":"open","ping_status":"closed","template":"","meta":[],"product_cat":[159,161],"product_tag":[200],"class_list":{"0":"post-18116","1":"product","2":"type-product","3":"status-publish","4":"has-post-thumbnail","6":"product_cat-funda-de-sillon","7":"product_cat-portada-interior","8":"product_tag-fauteuil-es","10":"first","11":"instock","12":"shipping-taxable","13":"purchasable","14":"product-type-simple"},"yoast_head":"<title>Funda de sill\u00f3n el\u00e1stica gris en entrega - gratis Ahorra un 30% en tu pedido<\/title>\n<meta name=\"description\" content=\"Recibe tu Funda de sill\u00f3n el\u00e1stica gris hoy y benef\u00edciate de la entrega - gratuita Env\u00edo en 24\/48h\" \/>\n<meta name=\"robots\" content=\"index, follow, max-snippet:-1, max-image-preview:large, max-video-preview:-1\" \/>\n<link rel=\"canonical\" href=\"https:\/\/365-housse.com\/es\/productos\/housse-fauteuil-extensible-gris\/\" \/>\n<meta property=\"og:locale\" content=\"es_ES\" \/>\n<meta property=\"og:type\" content=\"article\" \/>\n<meta property=\"og:title\" content=\"Funda de sill\u00f3n el\u00e1stica gris en entrega - gratis Ahorra un 30% en tu pedido\" \/>\n<meta property=\"og:description\" content=\"Recibe tu Funda de sill\u00f3n el\u00e1stica gris hoy y benef\u00edciate de la entrega - gratuita Env\u00edo en 24\/48h\" \/>\n<meta property=\"og:url\" content=\"https:\/\/365-housse.com\/es\/productos\/housse-fauteuil-extensible-gris\/\" \/>\n<meta property=\"og:site_name\" content=\"Housse de Canap\u00e9\" \/>\n<meta property=\"article:modified_time\" content=\"2024-09-17T14:54:24+00:00\" \/>\n<meta property=\"og:image\" content=\"https:\/\/365-housse.com\/wp-content\/uploads\/2023\/06\/housse-de-fauteuil-extensible-gris.png\" \/>\n\t<meta property=\"og:image:width\" content=\"512\" \/>\n\t<meta property=\"og:image:height\" content=\"487\" \/>\n\t<meta property=\"og:image:type\" content=\"image\/png\" \/>\n<meta name=\"twitter:card\" content=\"summary_large_image\" \/>\n<meta name=\"twitter:label1\" content=\"Tiempo de lectura\" \/>\n\t<meta name=\"twitter:data1\" content=\"1 minuto\" \/>\n<script type=\"application\/ld+json\" class=\"yoast-schema-graph\">{\"@context\":\"https:\/\/schema.org\",\"@graph\":[{\"@type\":\"WebPage\",\"@id\":\"https:\/\/365-housse.com\/es\/productos\/housse-fauteuil-extensible-gris\/\",\"url\":\"https:\/\/365-housse.com\/es\/productos\/housse-fauteuil-extensible-gris\/\",\"name\":\"Funda de sill\u00f3n el\u00e1stica gris en entrega - gratis Ahorra un 30% en tu pedido\",\"isPartOf\":{\"@id\":\"https:\/\/365-housse.com\/es\/#website\"},\"primaryImageOfPage\":{\"@id\":\"https:\/\/365-housse.com\/es\/productos\/housse-fauteuil-extensible-gris\/#primaryimage\"},\"image\":{\"@id\":\"https:\/\/365-housse.com\/es\/productos\/housse-fauteuil-extensible-gris\/#primaryimage\"},\"thumbnailUrl\":\"https:\/\/365-housse.com\/wp-content\/uploads\/2023\/06\/housse-de-fauteuil-extensible-gris.png\",\"datePublished\":\"2023-06-12T08:41:34+00:00\",\"dateModified\":\"2024-09-17T14:54:24+00:00\",\"description\":\"Recibe tu Funda de sill\u00f3n el\u00e1stica gris hoy y benef\u00edciate de la entrega - gratuita Env\u00edo en 24\/48h\",\"breadcrumb\":{\"@id\":\"https:\/\/365-housse.com\/es\/productos\/housse-fauteuil-extensible-gris\/#breadcrumb\"},\"inLanguage\":\"es\",\"potentialAction\":[{\"@type\":\"ReadAction\",\"target\":[\"https:\/\/365-housse.com\/es\/productos\/housse-fauteuil-extensible-gris\/\"]}]},{\"@type\":\"ImageObject\",\"inLanguage\":\"es\",\"@id\":\"https:\/\/365-housse.com\/es\/productos\/housse-fauteuil-extensible-gris\/#primaryimage\",\"url\":\"https:\/\/365-housse.com\/wp-content\/uploads\/2023\/06\/housse-de-fauteuil-extensible-gris.png\",\"contentUrl\":\"https:\/\/365-housse.com\/wp-content\/uploads\/2023\/06\/housse-de-fauteuil-extensible-gris.png\",\"width\":512,\"height\":487},{\"@type\":\"BreadcrumbList\",\"@id\":\"https:\/\/365-housse.com\/es\/productos\/housse-fauteuil-extensible-gris\/#breadcrumb\",\"itemListElement\":[{\"@type\":\"ListItem\",\"position\":1,\"name\":\"Accueil\",\"item\":\"https:\/\/365-housse.com\/es\/\"},{\"@type\":\"ListItem\",\"position\":2,\"name\":\"Tienda\",\"item\":\"https:\/\/365-housse.com\/es\/tienda\/\"},{\"@type\":\"ListItem\",\"position\":3,\"name\":\"Funda de sill\u00f3n el\u00e1stica gris\"}]},{\"@type\":\"WebSite\",\"@id\":\"https:\/\/365-housse.com\/es\/#website\",\"url\":\"https:\/\/365-housse.com\/es\/\",\"name\":\"Housse de Canap\u00e9\",\"description\":\"Le N\u00b01 de la Housse\",\"publisher\":{\"@id\":\"https:\/\/365-housse.com\/es\/#organization\"},\"potentialAction\":[{\"@type\":\"SearchAction\",\"target\":{\"@type\":\"EntryPoint\",\"urlTemplate\":\"https:\/\/365-housse.com\/es\/?s={search_term_string}\"},\"query-input\":{\"@type\":\"PropertyValueSpecification\",\"valueRequired\":true,\"valueName\":\"search_term_string\"}}],\"inLanguage\":\"es\"},{\"@type\":\"Organization\",\"@id\":\"https:\/\/365-housse.com\/es\/#organization\",\"name\":\"Housse de Canap\u00e9\",\"url\":\"https:\/\/365-housse.com\/es\/\",\"logo\":{\"@type\":\"ImageObject\",\"inLanguage\":\"es\",\"@id\":\"https:\/\/365-housse.com\/es\/#\/schema\/logo\/image\/\",\"url\":\"https:\/\/365-housse.com\/wp-content\/uploads\/2023\/06\/LOGO-400-\u00d7-200-px-392-x-134-px-16.png\",\"contentUrl\":\"https:\/\/365-housse.com\/wp-content\/uploads\/2023\/06\/LOGO-400-\u00d7-200-px-392-x-134-px-16.png\",\"width\":392,\"height\":134,\"caption\":\"Housse de Canap\u00e9\"},\"image\":{\"@id\":\"https:\/\/365-housse.com\/es\/#\/schema\/logo\/image\/\"}}]}<\/script>","yoast_head_json":{"title":"Funda de sill\u00f3n el\u00e1stica gris en entrega - gratis Ahorra un 30% en tu pedido","description":"Recibe tu Funda de sill\u00f3n el\u00e1stica gris hoy y benef\u00edciate de la entrega - gratuita Env\u00edo en 24\/48h","robots":{"index":"index","follow":"follow","max-snippet":"max-snippet:-1","max-image-preview":"max-image-preview:large","max-video-preview":"max-video-preview:-1"},"canonical":"https:\/\/365-housse.com\/es\/productos\/housse-fauteuil-extensible-gris\/","og_locale":"es_ES","og_type":"article","og_title":"Funda de sill\u00f3n el\u00e1stica gris en entrega - gratis Ahorra un 30% en tu pedido","og_description":"Recibe tu Funda de sill\u00f3n el\u00e1stica gris hoy y benef\u00edciate de la entrega - gratuita Env\u00edo en 24\/48h","og_url":"https:\/\/365-housse.com\/es\/productos\/housse-fauteuil-extensible-gris\/","og_site_name":"Housse de Canap\u00e9","article_modified_time":"2024-09-17T14:54:24+00:00","og_image":[{"width":512,"height":487,"url":"https:\/\/365-housse.com\/wp-content\/uploads\/2023\/06\/housse-de-fauteuil-extensible-gris.png","type":"image\/png"}],"twitter_card":"summary_large_image","twitter_misc":{"Tiempo de lectura":"1 minuto"},"schema":{"@context":"https:\/\/schema.org","@graph":[{"@type":"WebPage","@id":"https:\/\/365-housse.com\/es\/productos\/housse-fauteuil-extensible-gris\/","url":"https:\/\/365-housse.com\/es\/productos\/housse-fauteuil-extensible-gris\/","name":"Funda de sill\u00f3n el\u00e1stica gris en entrega - gratis Ahorra un 30% en tu pedido","isPartOf":{"@id":"https:\/\/365-housse.com\/es\/#website"},"primaryImageOfPage":{"@id":"https:\/\/365-housse.com\/es\/productos\/housse-fauteuil-extensible-gris\/#primaryimage"},"image":{"@id":"https:\/\/365-housse.com\/es\/productos\/housse-fauteuil-extensible-gris\/#primaryimage"},"thumbnailUrl":"https:\/\/365-housse.com\/wp-content\/uploads\/2023\/06\/housse-de-fauteuil-extensible-gris.png","datePublished":"2023-06-12T08:41:34+00:00","dateModified":"2024-09-17T14:54:24+00:00","description":"Recibe tu Funda de sill\u00f3n el\u00e1stica gris hoy y benef\u00edciate de la entrega - gratuita Env\u00edo en 24\/48h","breadcrumb":{"@id":"https:\/\/365-housse.com\/es\/productos\/housse-fauteuil-extensible-gris\/#breadcrumb"},"inLanguage":"es","potentialAction":[{"@type":"ReadAction","target":["https:\/\/365-housse.com\/es\/productos\/housse-fauteuil-extensible-gris\/"]}]},{"@type":"ImageObject","inLanguage":"es","@id":"https:\/\/365-housse.com\/es\/productos\/housse-fauteuil-extensible-gris\/#primaryimage","url":"https:\/\/365-housse.com\/wp-content\/uploads\/2023\/06\/housse-de-fauteuil-extensible-gris.png","contentUrl":"https:\/\/365-housse.com\/wp-content\/uploads\/2023\/06\/housse-de-fauteuil-extensible-gris.png","width":512,"height":487},{"@type":"BreadcrumbList","@id":"https:\/\/365-housse.com\/es\/productos\/housse-fauteuil-extensible-gris\/#breadcrumb","itemListElement":[{"@type":"ListItem","position":1,"name":"Accueil","item":"https:\/\/365-housse.com\/es\/"},{"@type":"ListItem","position":2,"name":"Tienda","item":"https:\/\/365-housse.com\/es\/tienda\/"},{"@type":"ListItem","position":3,"name":"Funda de sill\u00f3n el\u00e1stica gris"}]},{"@type":"WebSite","@id":"https:\/\/365-housse.com\/es\/#website","url":"https:\/\/365-housse.com\/es\/","name":"Housse de Canap\u00e9","description":"Le N\u00b01 de la Housse","publisher":{"@id":"https:\/\/365-housse.com\/es\/#organization"},"potentialAction":[{"@type":"SearchAction","target":{"@type":"EntryPoint","urlTemplate":"https:\/\/365-housse.com\/es\/?s={search_term_string}"},"query-input":{"@type":"PropertyValueSpecification","valueRequired":true,"valueName":"search_term_string"}}],"inLanguage":"es"},{"@type":"Organization","@id":"https:\/\/365-housse.com\/es\/#organization","name":"Housse de Canap\u00e9","url":"https:\/\/365-housse.com\/es\/","logo":{"@type":"ImageObject","inLanguage":"es","@id":"https:\/\/365-housse.com\/es\/#\/schema\/logo\/image\/","url":"https:\/\/365-housse.com\/wp-content\/uploads\/2023\/06\/LOGO-400-\u00d7-200-px-392-x-134-px-16.png","contentUrl":"https:\/\/365-housse.com\/wp-content\/uploads\/2023\/06\/LOGO-400-\u00d7-200-px-392-x-134-px-16.png","width":392,"height":134,"caption":"Housse de Canap\u00e9"},"image":{"@id":"https:\/\/365-housse.com\/es\/#\/schema\/logo\/image\/"}}]}},"_links":{"self":[{"href":"https:\/\/365-housse.com\/es\/wp-json\/wp\/v2\/product\/18116"}],"collection":[{"href":"https:\/\/365-housse.com\/es\/wp-json\/wp\/v2\/product"}],"about":[{"href":"https:\/\/365-housse.com\/es\/wp-json\/wp\/v2\/types\/product"}],"replies":[{"embeddable":true,"href":"https:\/\/365-housse.com\/es\/wp-json\/wp\/v2\/comments?post=18116"}],"wp:featuredmedia":[{"embeddable":true,"href":"https:\/\/365-housse.com\/es\/wp-json\/wp\/v2\/media\/17242"}],"wp:attachment":[{"href":"https:\/\/365-housse.com\/es\/wp-json\/wp\/v2\/media?parent=18116"}],"wp:term":[{"taxonomy":"product_cat","embeddable":true,"href":"https:\/\/365-housse.com\/es\/wp-json\/wp\/v2\/product_cat?post=18116"},{"taxonomy":"product_tag","embeddable":true,"href":"https:\/\/365-housse.com\/es\/wp-json\/wp\/v2\/product_tag?post=18116"}],"curies":[{"name":"wp","href":"https:\/\/api.w.org\/{rel}","templated":true}]}}