{"id":18122,"date":"2023-06-12T08:41:31","date_gmt":"2023-06-12T08:41:31","guid":{"rendered":"https:\/\/365-housse.com\/products\/housse-fauteuil-extensible-bleu-nuit\/"},"modified":"2024-09-17T14:54:25","modified_gmt":"2024-09-17T14:54:25","slug":"housse-fauteuil-extensible-bleu-nuit","status":"publish","type":"product","link":"https:\/\/365-housse.com\/es\/productos\/housse-fauteuil-extensible-bleu-nuit\/","title":{"rendered":"Funda el\u00e1stica para sill\u00f3n azul medianoche"},"content":{"rendered":"<h2 data-pm-slice=\"1 1 []\">\u00a1Dale a tu habitaci\u00f3n un aire de <strong>sofisticaci\u00f3n y elegancia<\/strong> con nuestra <strong>Funda para Sill\u00f3n Extensible Azul Noche<\/strong>! Su color oscuro y atemporal proporciona un ambiente tranquilo y relajado a su interior. Su calidad superior ofrece comodidad adicional y un ambiente chic y elegante. Se adapta a todos los estilos de decoraci\u00f3n, desde el cl\u00e1sico al contempor\u00e1neo.<\/h2>\n<h3>Ventajas de nuestra<span> <\/span><strong>funda sill\u00f3n extensible azul noche<\/strong>: <\/h3>\n<ul>\n<li>\n<p>A\u00f1ade un toque de <strong>lujo<\/strong><span> <\/span>y <strong>calidez<\/strong><span> <\/span>a tu interior<\/ p> <\/ li> <\/p>\n<li>\n<p>Ideal para redecorar o actualizar un espacio<\/p>\n<\/li>\n<li>\n<p>Te brinda una protecci\u00f3n \u00f3ptima<span> <\/span><strong> <\/strong><span> <\/span>contra la suciedad y las manchas<\/p>\n<\/li>\n<li>\n<p>Fabricado con <strong>tejido de calidad<\/strong><\/p>\n<p> <\/ li> <\/p>\n<li>F\u00e1cil de instalar y mantener<\/li>\n<\/ul>\n<p><strong>Caracter\u00edsticas:<\/strong><\/p>\n<ul>\n<li>\n<p>Material: Poli\u00e9ster y spandex (material el\u00e1stico)<\/p>\n<\/li>\n<li>\n<p>Tejido de alta calidad<span> <\/span><strong><\/strong> para proteger tu silla<\/p>\n<\/li>\n<li>\n<p>Tecnolog\u00eda de impresi\u00f3n ultraeficiente<span> <\/ span><strong>para mayor resistencia del color a la luz y al lavado<\/p>\n<\/li>\n<li>\n<p>Lavado a m\u00e1quina (sin planchado y de secado r\u00e1pido)<\/p>\n<\/li>\n<li>\n<p> Diferentes usos: comedor, sal\u00f3n, despacho, dormitorio,&#8230;<\/ p> <\/li>\n<li>Este paquete incluye una funda para sill\u00f3n y una funda para coj\u00edn<\/li>\n<\/ul>\n<p><strong>Gu\u00eda de tallas:<\/strong> <\/p>\n<p style=\"text-align: center\"><img decoding=\"async\" alt=\"\" data-mce-src=\"https:\/\/365-housse.com\/wp-content \/uploads\/2023\/06\/housse-fauteuil-extensible-taille_480x480 jpg?v=1680200893\" src=\"https:\/\/365-housse.com\/wp-content\/uploads\/2023\/06\/housse-fauteuil-extensible- taille_480x480.jpg?v=1680200893\" \/><\/p>\n<p><strong>Gu\u00eda de instalaci\u00f3n:<\/strong><\/p>\n<p style=\"text-align: center\"><img decoding=\"async\" alt=\"\" src=\"https:\/\/365-housse .com\/wp-content\/uploads\/2023\/06\/ extensible-armchair-cover-installation_480x480.jpg?v=1680201308\" \/><\/p>\n<p><strong>Antes\/Despu\u00e9s: <\/strong><\/p>\n<p><img decoding=\"async\" alt=\"\" data-mce data-mce-src=\"https:\/\/365-housse.com\/wp-content\/uploads\/2023\/06\/Captured_ecran2022-12- 26210827_480x480.jpg?v=1672164367\" src=\"https:\/\/365-housse.com\/wp-content\/uploads\/2023\/06\/Captured_ecran2022-12-26210827_480x480.jpg?v=1672164367\" style=\"margin-left: auto;margin-right: auto\" \/><\/p>\n<p>Gracias a nuestra gran colecci\u00f3n <a href=\"https:\/\/365-housse.com\/es\/collections\/funda-de-sillon\/\" rel=\"noopener noreferrer\" target=\"_blank\" title=\"Funda de Sill\u00f3n\"><strong>Funda de Sill\u00f3n<\/strong><\/a>, podr\u00e1s darle nueva vida a tu sill\u00f3n f\u00e1cilmente sin tener que comprar muebles nuevos. Es ideal para hogares con ni\u00f1os o mascotas y se adapta a todos los presupuestos.<\/p>\n<p>Nuestra <a href=\"https:\/\/365-housse.com\/products\/housse- light-gray-extensible-chair\/\" rel=\"noopener noreferrer\" target=\"_blank\" title=\"Funda para sill\u00f3n extensible gris claro\"><strong>Funda para sill\u00f3n extensible gris claro<\/strong><\/a> tambi\u00e9n se asocia con la tranquilidad y la relajaci\u00f3n, por lo que es una excelente opci\u00f3n para crear un lugar tranquilo y relajante en tu hogar.<\/p>\n","protected":false},"excerpt":{"rendered":"<p>\u00a1Dale a tu habitaci\u00f3n un aire de sofisticaci\u00f3n y elegancia con nuestra Funda para Sill\u00f3n Extensible Azul Noche! Su color oscuro y atemporal proporciona un ambiente tranquilo y relajado a su interior. Su calidad superior ofrece comodidad adicional y un ambiente chic y elegante. Se adapta a todos los estilos de decoraci\u00f3n, desde el cl\u00e1sico [&hellip;]<\/p>\n","protected":false},"featured_media":17238,"comment_status":"open","ping_status":"closed","template":"","meta":[],"product_cat":[159,161],"product_tag":[200],"class_list":{"0":"post-18122","1":"product","2":"type-product","3":"status-publish","4":"has-post-thumbnail","6":"product_cat-funda-de-sillon","7":"product_cat-portada-interior","8":"product_tag-fauteuil-es","10":"first","11":"instock","12":"shipping-taxable","13":"purchasable","14":"product-type-simple"},"yoast_head":"<title>Funda el\u00e1stica para sill\u00f3n azul medianoche en entrega - gratis Ahorra un 30% en tu pedido<\/title>\n<meta name=\"description\" content=\"Recibe tu Funda el\u00e1stica para sill\u00f3n azul medianoche hoy y benef\u00edciate de la entrega - gratuita Env\u00edo en 24\/48h\" \/>\n<meta name=\"robots\" content=\"index, follow, max-snippet:-1, max-image-preview:large, max-video-preview:-1\" \/>\n<link rel=\"canonical\" href=\"https:\/\/365-housse.com\/es\/productos\/housse-fauteuil-extensible-bleu-nuit\/\" \/>\n<meta property=\"og:locale\" content=\"es_ES\" \/>\n<meta property=\"og:type\" content=\"article\" \/>\n<meta property=\"og:title\" content=\"Funda el\u00e1stica para sill\u00f3n azul medianoche en entrega - gratis Ahorra un 30% en tu pedido\" \/>\n<meta property=\"og:description\" content=\"Recibe tu Funda el\u00e1stica para sill\u00f3n azul medianoche hoy y benef\u00edciate de la entrega - gratuita Env\u00edo en 24\/48h\" \/>\n<meta property=\"og:url\" content=\"https:\/\/365-housse.com\/es\/productos\/housse-fauteuil-extensible-bleu-nuit\/\" \/>\n<meta property=\"og:site_name\" content=\"Housse de Canap\u00e9\" \/>\n<meta property=\"article:modified_time\" content=\"2024-09-17T14:54:25+00:00\" \/>\n<meta property=\"og:image\" content=\"https:\/\/365-housse.com\/wp-content\/uploads\/2023\/06\/housse-de-fauteuil-extensible-bleu-nuit.png\" \/>\n\t<meta property=\"og:image:width\" content=\"513\" \/>\n\t<meta property=\"og:image:height\" content=\"486\" \/>\n\t<meta property=\"og:image:type\" content=\"image\/png\" \/>\n<meta name=\"twitter:card\" content=\"summary_large_image\" \/>\n<meta name=\"twitter:label1\" content=\"Tiempo de lectura\" \/>\n\t<meta name=\"twitter:data1\" content=\"1 minuto\" \/>\n<script type=\"application\/ld+json\" class=\"yoast-schema-graph\">{\"@context\":\"https:\/\/schema.org\",\"@graph\":[{\"@type\":\"WebPage\",\"@id\":\"https:\/\/365-housse.com\/es\/productos\/housse-fauteuil-extensible-bleu-nuit\/\",\"url\":\"https:\/\/365-housse.com\/es\/productos\/housse-fauteuil-extensible-bleu-nuit\/\",\"name\":\"Funda el\u00e1stica para sill\u00f3n azul medianoche en entrega - gratis Ahorra un 30% en tu pedido\",\"isPartOf\":{\"@id\":\"https:\/\/365-housse.com\/es\/#website\"},\"primaryImageOfPage\":{\"@id\":\"https:\/\/365-housse.com\/es\/productos\/housse-fauteuil-extensible-bleu-nuit\/#primaryimage\"},\"image\":{\"@id\":\"https:\/\/365-housse.com\/es\/productos\/housse-fauteuil-extensible-bleu-nuit\/#primaryimage\"},\"thumbnailUrl\":\"https:\/\/365-housse.com\/wp-content\/uploads\/2023\/06\/housse-de-fauteuil-extensible-bleu-nuit.png\",\"datePublished\":\"2023-06-12T08:41:31+00:00\",\"dateModified\":\"2024-09-17T14:54:25+00:00\",\"description\":\"Recibe tu Funda el\u00e1stica para sill\u00f3n azul medianoche hoy y benef\u00edciate de la entrega - gratuita Env\u00edo en 24\/48h\",\"breadcrumb\":{\"@id\":\"https:\/\/365-housse.com\/es\/productos\/housse-fauteuil-extensible-bleu-nuit\/#breadcrumb\"},\"inLanguage\":\"es\",\"potentialAction\":[{\"@type\":\"ReadAction\",\"target\":[\"https:\/\/365-housse.com\/es\/productos\/housse-fauteuil-extensible-bleu-nuit\/\"]}]},{\"@type\":\"ImageObject\",\"inLanguage\":\"es\",\"@id\":\"https:\/\/365-housse.com\/es\/productos\/housse-fauteuil-extensible-bleu-nuit\/#primaryimage\",\"url\":\"https:\/\/365-housse.com\/wp-content\/uploads\/2023\/06\/housse-de-fauteuil-extensible-bleu-nuit.png\",\"contentUrl\":\"https:\/\/365-housse.com\/wp-content\/uploads\/2023\/06\/housse-de-fauteuil-extensible-bleu-nuit.png\",\"width\":513,\"height\":486},{\"@type\":\"BreadcrumbList\",\"@id\":\"https:\/\/365-housse.com\/es\/productos\/housse-fauteuil-extensible-bleu-nuit\/#breadcrumb\",\"itemListElement\":[{\"@type\":\"ListItem\",\"position\":1,\"name\":\"Accueil\",\"item\":\"https:\/\/365-housse.com\/es\/\"},{\"@type\":\"ListItem\",\"position\":2,\"name\":\"Tienda\",\"item\":\"https:\/\/365-housse.com\/es\/tienda\/\"},{\"@type\":\"ListItem\",\"position\":3,\"name\":\"Funda el\u00e1stica para sill\u00f3n azul medianoche\"}]},{\"@type\":\"WebSite\",\"@id\":\"https:\/\/365-housse.com\/es\/#website\",\"url\":\"https:\/\/365-housse.com\/es\/\",\"name\":\"Housse de Canap\u00e9\",\"description\":\"Le N\u00b01 de la Housse\",\"publisher\":{\"@id\":\"https:\/\/365-housse.com\/es\/#organization\"},\"potentialAction\":[{\"@type\":\"SearchAction\",\"target\":{\"@type\":\"EntryPoint\",\"urlTemplate\":\"https:\/\/365-housse.com\/es\/?s={search_term_string}\"},\"query-input\":{\"@type\":\"PropertyValueSpecification\",\"valueRequired\":true,\"valueName\":\"search_term_string\"}}],\"inLanguage\":\"es\"},{\"@type\":\"Organization\",\"@id\":\"https:\/\/365-housse.com\/es\/#organization\",\"name\":\"Housse de Canap\u00e9\",\"url\":\"https:\/\/365-housse.com\/es\/\",\"logo\":{\"@type\":\"ImageObject\",\"inLanguage\":\"es\",\"@id\":\"https:\/\/365-housse.com\/es\/#\/schema\/logo\/image\/\",\"url\":\"https:\/\/365-housse.com\/wp-content\/uploads\/2023\/06\/LOGO-400-\u00d7-200-px-392-x-134-px-16.png\",\"contentUrl\":\"https:\/\/365-housse.com\/wp-content\/uploads\/2023\/06\/LOGO-400-\u00d7-200-px-392-x-134-px-16.png\",\"width\":392,\"height\":134,\"caption\":\"Housse de Canap\u00e9\"},\"image\":{\"@id\":\"https:\/\/365-housse.com\/es\/#\/schema\/logo\/image\/\"}}]}<\/script>","yoast_head_json":{"title":"Funda el\u00e1stica para sill\u00f3n azul medianoche en entrega - gratis Ahorra un 30% en tu pedido","description":"Recibe tu Funda el\u00e1stica para sill\u00f3n azul medianoche hoy y benef\u00edciate de la entrega - gratuita Env\u00edo en 24\/48h","robots":{"index":"index","follow":"follow","max-snippet":"max-snippet:-1","max-image-preview":"max-image-preview:large","max-video-preview":"max-video-preview:-1"},"canonical":"https:\/\/365-housse.com\/es\/productos\/housse-fauteuil-extensible-bleu-nuit\/","og_locale":"es_ES","og_type":"article","og_title":"Funda el\u00e1stica para sill\u00f3n azul medianoche en entrega - gratis Ahorra un 30% en tu pedido","og_description":"Recibe tu Funda el\u00e1stica para sill\u00f3n azul medianoche hoy y benef\u00edciate de la entrega - gratuita Env\u00edo en 24\/48h","og_url":"https:\/\/365-housse.com\/es\/productos\/housse-fauteuil-extensible-bleu-nuit\/","og_site_name":"Housse de Canap\u00e9","article_modified_time":"2024-09-17T14:54:25+00:00","og_image":[{"width":513,"height":486,"url":"https:\/\/365-housse.com\/wp-content\/uploads\/2023\/06\/housse-de-fauteuil-extensible-bleu-nuit.png","type":"image\/png"}],"twitter_card":"summary_large_image","twitter_misc":{"Tiempo de lectura":"1 minuto"},"schema":{"@context":"https:\/\/schema.org","@graph":[{"@type":"WebPage","@id":"https:\/\/365-housse.com\/es\/productos\/housse-fauteuil-extensible-bleu-nuit\/","url":"https:\/\/365-housse.com\/es\/productos\/housse-fauteuil-extensible-bleu-nuit\/","name":"Funda el\u00e1stica para sill\u00f3n azul medianoche en entrega - gratis Ahorra un 30% en tu pedido","isPartOf":{"@id":"https:\/\/365-housse.com\/es\/#website"},"primaryImageOfPage":{"@id":"https:\/\/365-housse.com\/es\/productos\/housse-fauteuil-extensible-bleu-nuit\/#primaryimage"},"image":{"@id":"https:\/\/365-housse.com\/es\/productos\/housse-fauteuil-extensible-bleu-nuit\/#primaryimage"},"thumbnailUrl":"https:\/\/365-housse.com\/wp-content\/uploads\/2023\/06\/housse-de-fauteuil-extensible-bleu-nuit.png","datePublished":"2023-06-12T08:41:31+00:00","dateModified":"2024-09-17T14:54:25+00:00","description":"Recibe tu Funda el\u00e1stica para sill\u00f3n azul medianoche hoy y benef\u00edciate de la entrega - gratuita Env\u00edo en 24\/48h","breadcrumb":{"@id":"https:\/\/365-housse.com\/es\/productos\/housse-fauteuil-extensible-bleu-nuit\/#breadcrumb"},"inLanguage":"es","potentialAction":[{"@type":"ReadAction","target":["https:\/\/365-housse.com\/es\/productos\/housse-fauteuil-extensible-bleu-nuit\/"]}]},{"@type":"ImageObject","inLanguage":"es","@id":"https:\/\/365-housse.com\/es\/productos\/housse-fauteuil-extensible-bleu-nuit\/#primaryimage","url":"https:\/\/365-housse.com\/wp-content\/uploads\/2023\/06\/housse-de-fauteuil-extensible-bleu-nuit.png","contentUrl":"https:\/\/365-housse.com\/wp-content\/uploads\/2023\/06\/housse-de-fauteuil-extensible-bleu-nuit.png","width":513,"height":486},{"@type":"BreadcrumbList","@id":"https:\/\/365-housse.com\/es\/productos\/housse-fauteuil-extensible-bleu-nuit\/#breadcrumb","itemListElement":[{"@type":"ListItem","position":1,"name":"Accueil","item":"https:\/\/365-housse.com\/es\/"},{"@type":"ListItem","position":2,"name":"Tienda","item":"https:\/\/365-housse.com\/es\/tienda\/"},{"@type":"ListItem","position":3,"name":"Funda el\u00e1stica para sill\u00f3n azul medianoche"}]},{"@type":"WebSite","@id":"https:\/\/365-housse.com\/es\/#website","url":"https:\/\/365-housse.com\/es\/","name":"Housse de Canap\u00e9","description":"Le N\u00b01 de la Housse","publisher":{"@id":"https:\/\/365-housse.com\/es\/#organization"},"potentialAction":[{"@type":"SearchAction","target":{"@type":"EntryPoint","urlTemplate":"https:\/\/365-housse.com\/es\/?s={search_term_string}"},"query-input":{"@type":"PropertyValueSpecification","valueRequired":true,"valueName":"search_term_string"}}],"inLanguage":"es"},{"@type":"Organization","@id":"https:\/\/365-housse.com\/es\/#organization","name":"Housse de Canap\u00e9","url":"https:\/\/365-housse.com\/es\/","logo":{"@type":"ImageObject","inLanguage":"es","@id":"https:\/\/365-housse.com\/es\/#\/schema\/logo\/image\/","url":"https:\/\/365-housse.com\/wp-content\/uploads\/2023\/06\/LOGO-400-\u00d7-200-px-392-x-134-px-16.png","contentUrl":"https:\/\/365-housse.com\/wp-content\/uploads\/2023\/06\/LOGO-400-\u00d7-200-px-392-x-134-px-16.png","width":392,"height":134,"caption":"Housse de Canap\u00e9"},"image":{"@id":"https:\/\/365-housse.com\/es\/#\/schema\/logo\/image\/"}}]}},"_links":{"self":[{"href":"https:\/\/365-housse.com\/es\/wp-json\/wp\/v2\/product\/18122"}],"collection":[{"href":"https:\/\/365-housse.com\/es\/wp-json\/wp\/v2\/product"}],"about":[{"href":"https:\/\/365-housse.com\/es\/wp-json\/wp\/v2\/types\/product"}],"replies":[{"embeddable":true,"href":"https:\/\/365-housse.com\/es\/wp-json\/wp\/v2\/comments?post=18122"}],"wp:featuredmedia":[{"embeddable":true,"href":"https:\/\/365-housse.com\/es\/wp-json\/wp\/v2\/media\/17238"}],"wp:attachment":[{"href":"https:\/\/365-housse.com\/es\/wp-json\/wp\/v2\/media?parent=18122"}],"wp:term":[{"taxonomy":"product_cat","embeddable":true,"href":"https:\/\/365-housse.com\/es\/wp-json\/wp\/v2\/product_cat?post=18122"},{"taxonomy":"product_tag","embeddable":true,"href":"https:\/\/365-housse.com\/es\/wp-json\/wp\/v2\/product_tag?post=18122"}],"curies":[{"name":"wp","href":"https:\/\/api.w.org\/{rel}","templated":true}]}}