{"id":18161,"date":"2023-06-12T08:41:06","date_gmt":"2023-06-12T08:41:06","guid":{"rendered":"https:\/\/365-housse.com\/products\/housse-fauteuil-extensible-geometrique-noire\/"},"modified":"2024-09-17T14:54:47","modified_gmt":"2024-09-17T14:54:47","slug":"housse-fauteuil-extensible-geometrique-noire","status":"publish","type":"product","link":"https:\/\/365-housse.com\/es\/productos\/housse-fauteuil-extensible-geometrique-noire\/","title":{"rendered":"Funda de sill\u00f3n el\u00e1stica geom\u00e9trica negra"},"content":{"rendered":"<h2 data-pm-slice=\"1 1 []\">Agregue una nota elegante y contempor\u00e1nea a su espacio vital con la <strong>funda de sill\u00f3n extensible geom\u00e9trica negra<\/strong>. Esta tela de calidad, adornada con patrones atrevidos y l\u00edneas limpias, encaja armoniosamente en todos los estilos de decoraci\u00f3n, desde el moderno hasta el cl\u00e1sico. Se garantiza una protecci\u00f3n \u00f3ptima contra la suciedad y las manchas y esta funda es f\u00e1cil de poner e instalar.<\/h2>\n<h3>Las ventajas de la<span> <\/span><strong>funda de sill\u00f3n el\u00e1stica geom\u00e9trica negra<\/strong>: <\/h3>\n<ul>\n<li><strong>Elegancia<\/strong><span> <\/span>y sensaci\u00f3n de<span> <\/span><strong>confort<\/strong><span> <\/span>para tu interior<\/li>\n<li>Ideal para reformar o transformar un espacio<\/li>\n<li>Proporciona<span> <\/span><strong>m\u00e1xima protecci\u00f3n<\/strong><span> <\/span>contra la suciedad y las manchas<\/li>\n<li>Hecho de<span> <\/span><strong>tela de primera calidad<\/strong><\/li>\n<li>F\u00e1cil de instalar y mantener<\/li>\n<\/ul>\n<p><strong>Caracter\u00edsticas:<\/strong><\/p>\n<ul>\n<li>Material: poli\u00e9ster y spandex (material el\u00e1stico)<\/li>\n<li><span> <\/span><strong>tela de primera calidad<\/strong><span> <\/span>que garantiza la durabilidad de su silla<\/li>\n<li>Tecnolog\u00eda de impresi\u00f3n ultraeficiente<span> <\/span><strong>para una alta resistencia a la luz y al lavado<\/li>\n<li>Lavar a m\u00e1quina (sin planchar y de secado r\u00e1pido)<\/li>\n<li>Se puede utilizar en diferentes estancias: cocina, sal\u00f3n, despacho, dormitorio,&#8230;<\/li>\n<li>El paquete incluye una funda de sill\u00f3n y una funda de coj\u00edn<\/li>\n<\/ul>\n<p><strong>Gu\u00eda de tallas:<\/strong> <\/p>\n<p style=\"text-align: center\"><img decoding=\"async\" alt=\"\" data-mce-src=\"https:\/\/365-housse.com\/wp-content\/uploads\/2023\/06\/housse-fauteuil-extensible -fleurie-taille_480x480.jpg?v=1681328845\" src=\"https:\/\/365-housse.com\/wp-content\/uploads\/2023\/06\/housse-fauteuil-extensible-fleurie-taille_480x480.jpg?v=1681328845\" \/><\/p>\n<p><strong>Gu\u00eda de instalaci\u00f3n:<\/strong><\/p>\n<p style=\"text-align: center\"><img decoding=\"async\" alt=\"\" data-mce-src=\"https:\/\/365-housse.com\/wp-content\/uploads\/2023\/06\/housse-fauteuil-extensible -installation_480x480.jpg?v=1680201308\" src=\"https:\/\/365-housse.com\/wp-content\/uploads\/2023\/06\/housse-fauteuil-extensible-installation_480x480.jpg?v=1680201308\" \/><\/ p><\/p>\n<p><strong>La diferencia Antes\/Despu\u00e9s: <\/strong><\/p>\n<p><img decoding=\"async\" alt=\"\" data-mce-fragment=\"1\" data-mce-src=\"https:\/\/365-housse.com\/wp-content\/uploads\/2023\/06\/Captured_ecran2022-12-26210827_480x480 .jpg?v=1672164367\" src=\"https:\/\/365-housse.com\/wp-content\/uploads\/2023\/06\/Captured_ecran2022-12-26210827_480x480.jpg?v=1672164367\" style=\"margin-left: auto\" \/><\/p>\n<p>Transforma tu espacio en un lugar chic y atemporal con <a href=\"https:\/\/365-housse.com\/es\/collections\/funda-de-sillon\/\" rel=\"noopener noreferrer\" target=\"_blank \" title=\"Funda para sill\u00f3n\"><strong>Funda para sill\u00f3n<\/strong><\/a>. Su est\u00e9tica vanguardista lo convierte en la opci\u00f3n ideal para quienes desean expresar su gusto refinado y personalidad a trav\u00e9s de su decoraci\u00f3n. Es un complemento vers\u00e1til que se adapta a diversos ambientes y estilos.<\/p>\n<p>El <a href=\"https:\/\/365-housse.com\/products\/housse-fauteuil-extensible-geometrique-multicolore\/\" rel=\"noopener noreferrer\" target=\"_blank\" title=\"Funda para sill\u00f3n extensible multicolor Geom\u00e9trica\"><strong>Funda de sill\u00f3n el\u00e1stica geom\u00e9trica multicolor<\/strong><\/a> tambi\u00e9n es una maravilla para tu decoraci\u00f3n de interiores. Con su dise\u00f1o brillante y sus coloridos motivos geom\u00e9tricos, esta funda aportar\u00e1 un toque din\u00e1mico y vibrante a tu sill\u00f3n.<\/p>\n","protected":false},"excerpt":{"rendered":"<p>Agregue una nota elegante y contempor\u00e1nea a su espacio vital con la funda de sill\u00f3n extensible geom\u00e9trica negra. Esta tela de calidad, adornada con patrones atrevidos y l\u00edneas limpias, encaja armoniosamente en todos los estilos de decoraci\u00f3n, desde el moderno hasta el cl\u00e1sico. Se garantiza una protecci\u00f3n \u00f3ptima contra la suciedad y las manchas y [&hellip;]<\/p>\n","protected":false},"featured_media":17175,"comment_status":"open","ping_status":"closed","template":"","meta":[],"product_cat":[159,161],"product_tag":[200],"class_list":{"0":"post-18161","1":"product","2":"type-product","3":"status-publish","4":"has-post-thumbnail","6":"product_cat-funda-de-sillon","7":"product_cat-portada-interior","8":"product_tag-fauteuil-es","10":"first","11":"instock","12":"shipping-taxable","13":"purchasable","14":"product-type-simple"},"yoast_head":"<title>Funda de sill\u00f3n el\u00e1stica geom\u00e9trica negra en entrega - gratis Ahorra un 30% en tu pedido<\/title>\n<meta name=\"description\" content=\"Recibe tu Funda de sill\u00f3n el\u00e1stica geom\u00e9trica negra hoy y benef\u00edciate de la entrega - gratuita Env\u00edo en 24\/48h\" \/>\n<meta name=\"robots\" content=\"index, follow, max-snippet:-1, max-image-preview:large, max-video-preview:-1\" \/>\n<link rel=\"canonical\" href=\"https:\/\/365-housse.com\/es\/productos\/housse-fauteuil-extensible-geometrique-noire\/\" \/>\n<meta property=\"og:locale\" content=\"es_ES\" \/>\n<meta property=\"og:type\" content=\"article\" \/>\n<meta property=\"og:title\" content=\"Funda de sill\u00f3n el\u00e1stica geom\u00e9trica negra en entrega - gratis Ahorra un 30% en tu pedido\" \/>\n<meta property=\"og:description\" content=\"Recibe tu Funda de sill\u00f3n el\u00e1stica geom\u00e9trica negra hoy y benef\u00edciate de la entrega - gratuita Env\u00edo en 24\/48h\" \/>\n<meta property=\"og:url\" content=\"https:\/\/365-housse.com\/es\/productos\/housse-fauteuil-extensible-geometrique-noire\/\" \/>\n<meta property=\"og:site_name\" content=\"Housse de Canap\u00e9\" \/>\n<meta property=\"article:modified_time\" content=\"2024-09-17T14:54:47+00:00\" \/>\n<meta property=\"og:image\" content=\"https:\/\/365-housse.com\/wp-content\/uploads\/2023\/06\/housse-de-fauteuil-extensible-geometrique-noire.png\" \/>\n\t<meta property=\"og:image:width\" content=\"501\" \/>\n\t<meta property=\"og:image:height\" content=\"498\" \/>\n\t<meta property=\"og:image:type\" content=\"image\/png\" \/>\n<meta name=\"twitter:card\" content=\"summary_large_image\" \/>\n<meta name=\"twitter:label1\" content=\"Tiempo de lectura\" \/>\n\t<meta name=\"twitter:data1\" content=\"2 minutos\" \/>\n<script type=\"application\/ld+json\" class=\"yoast-schema-graph\">{\"@context\":\"https:\/\/schema.org\",\"@graph\":[{\"@type\":\"WebPage\",\"@id\":\"https:\/\/365-housse.com\/es\/productos\/housse-fauteuil-extensible-geometrique-noire\/\",\"url\":\"https:\/\/365-housse.com\/es\/productos\/housse-fauteuil-extensible-geometrique-noire\/\",\"name\":\"Funda de sill\u00f3n el\u00e1stica geom\u00e9trica negra en entrega - gratis Ahorra un 30% en tu pedido\",\"isPartOf\":{\"@id\":\"https:\/\/365-housse.com\/es\/#website\"},\"primaryImageOfPage\":{\"@id\":\"https:\/\/365-housse.com\/es\/productos\/housse-fauteuil-extensible-geometrique-noire\/#primaryimage\"},\"image\":{\"@id\":\"https:\/\/365-housse.com\/es\/productos\/housse-fauteuil-extensible-geometrique-noire\/#primaryimage\"},\"thumbnailUrl\":\"https:\/\/365-housse.com\/wp-content\/uploads\/2023\/06\/housse-de-fauteuil-extensible-geometrique-noire.png\",\"datePublished\":\"2023-06-12T08:41:06+00:00\",\"dateModified\":\"2024-09-17T14:54:47+00:00\",\"description\":\"Recibe tu Funda de sill\u00f3n el\u00e1stica geom\u00e9trica negra hoy y benef\u00edciate de la entrega - gratuita Env\u00edo en 24\/48h\",\"breadcrumb\":{\"@id\":\"https:\/\/365-housse.com\/es\/productos\/housse-fauteuil-extensible-geometrique-noire\/#breadcrumb\"},\"inLanguage\":\"es\",\"potentialAction\":[{\"@type\":\"ReadAction\",\"target\":[\"https:\/\/365-housse.com\/es\/productos\/housse-fauteuil-extensible-geometrique-noire\/\"]}]},{\"@type\":\"ImageObject\",\"inLanguage\":\"es\",\"@id\":\"https:\/\/365-housse.com\/es\/productos\/housse-fauteuil-extensible-geometrique-noire\/#primaryimage\",\"url\":\"https:\/\/365-housse.com\/wp-content\/uploads\/2023\/06\/housse-de-fauteuil-extensible-geometrique-noire.png\",\"contentUrl\":\"https:\/\/365-housse.com\/wp-content\/uploads\/2023\/06\/housse-de-fauteuil-extensible-geometrique-noire.png\",\"width\":501,\"height\":498},{\"@type\":\"BreadcrumbList\",\"@id\":\"https:\/\/365-housse.com\/es\/productos\/housse-fauteuil-extensible-geometrique-noire\/#breadcrumb\",\"itemListElement\":[{\"@type\":\"ListItem\",\"position\":1,\"name\":\"Accueil\",\"item\":\"https:\/\/365-housse.com\/es\/\"},{\"@type\":\"ListItem\",\"position\":2,\"name\":\"Tienda\",\"item\":\"https:\/\/365-housse.com\/es\/tienda\/\"},{\"@type\":\"ListItem\",\"position\":3,\"name\":\"Funda de sill\u00f3n el\u00e1stica geom\u00e9trica negra\"}]},{\"@type\":\"WebSite\",\"@id\":\"https:\/\/365-housse.com\/es\/#website\",\"url\":\"https:\/\/365-housse.com\/es\/\",\"name\":\"Housse de Canap\u00e9\",\"description\":\"Le N\u00b01 de la Housse\",\"publisher\":{\"@id\":\"https:\/\/365-housse.com\/es\/#organization\"},\"potentialAction\":[{\"@type\":\"SearchAction\",\"target\":{\"@type\":\"EntryPoint\",\"urlTemplate\":\"https:\/\/365-housse.com\/es\/?s={search_term_string}\"},\"query-input\":{\"@type\":\"PropertyValueSpecification\",\"valueRequired\":true,\"valueName\":\"search_term_string\"}}],\"inLanguage\":\"es\"},{\"@type\":\"Organization\",\"@id\":\"https:\/\/365-housse.com\/es\/#organization\",\"name\":\"Housse de Canap\u00e9\",\"url\":\"https:\/\/365-housse.com\/es\/\",\"logo\":{\"@type\":\"ImageObject\",\"inLanguage\":\"es\",\"@id\":\"https:\/\/365-housse.com\/es\/#\/schema\/logo\/image\/\",\"url\":\"https:\/\/365-housse.com\/wp-content\/uploads\/2023\/06\/LOGO-400-\u00d7-200-px-392-x-134-px-16.png\",\"contentUrl\":\"https:\/\/365-housse.com\/wp-content\/uploads\/2023\/06\/LOGO-400-\u00d7-200-px-392-x-134-px-16.png\",\"width\":392,\"height\":134,\"caption\":\"Housse de Canap\u00e9\"},\"image\":{\"@id\":\"https:\/\/365-housse.com\/es\/#\/schema\/logo\/image\/\"}}]}<\/script>","yoast_head_json":{"title":"Funda de sill\u00f3n el\u00e1stica geom\u00e9trica negra en entrega - gratis Ahorra un 30% en tu pedido","description":"Recibe tu Funda de sill\u00f3n el\u00e1stica geom\u00e9trica negra hoy y benef\u00edciate de la entrega - gratuita Env\u00edo en 24\/48h","robots":{"index":"index","follow":"follow","max-snippet":"max-snippet:-1","max-image-preview":"max-image-preview:large","max-video-preview":"max-video-preview:-1"},"canonical":"https:\/\/365-housse.com\/es\/productos\/housse-fauteuil-extensible-geometrique-noire\/","og_locale":"es_ES","og_type":"article","og_title":"Funda de sill\u00f3n el\u00e1stica geom\u00e9trica negra en entrega - gratis Ahorra un 30% en tu pedido","og_description":"Recibe tu Funda de sill\u00f3n el\u00e1stica geom\u00e9trica negra hoy y benef\u00edciate de la entrega - gratuita Env\u00edo en 24\/48h","og_url":"https:\/\/365-housse.com\/es\/productos\/housse-fauteuil-extensible-geometrique-noire\/","og_site_name":"Housse de Canap\u00e9","article_modified_time":"2024-09-17T14:54:47+00:00","og_image":[{"width":501,"height":498,"url":"https:\/\/365-housse.com\/wp-content\/uploads\/2023\/06\/housse-de-fauteuil-extensible-geometrique-noire.png","type":"image\/png"}],"twitter_card":"summary_large_image","twitter_misc":{"Tiempo de lectura":"2 minutos"},"schema":{"@context":"https:\/\/schema.org","@graph":[{"@type":"WebPage","@id":"https:\/\/365-housse.com\/es\/productos\/housse-fauteuil-extensible-geometrique-noire\/","url":"https:\/\/365-housse.com\/es\/productos\/housse-fauteuil-extensible-geometrique-noire\/","name":"Funda de sill\u00f3n el\u00e1stica geom\u00e9trica negra en entrega - gratis Ahorra un 30% en tu pedido","isPartOf":{"@id":"https:\/\/365-housse.com\/es\/#website"},"primaryImageOfPage":{"@id":"https:\/\/365-housse.com\/es\/productos\/housse-fauteuil-extensible-geometrique-noire\/#primaryimage"},"image":{"@id":"https:\/\/365-housse.com\/es\/productos\/housse-fauteuil-extensible-geometrique-noire\/#primaryimage"},"thumbnailUrl":"https:\/\/365-housse.com\/wp-content\/uploads\/2023\/06\/housse-de-fauteuil-extensible-geometrique-noire.png","datePublished":"2023-06-12T08:41:06+00:00","dateModified":"2024-09-17T14:54:47+00:00","description":"Recibe tu Funda de sill\u00f3n el\u00e1stica geom\u00e9trica negra hoy y benef\u00edciate de la entrega - gratuita Env\u00edo en 24\/48h","breadcrumb":{"@id":"https:\/\/365-housse.com\/es\/productos\/housse-fauteuil-extensible-geometrique-noire\/#breadcrumb"},"inLanguage":"es","potentialAction":[{"@type":"ReadAction","target":["https:\/\/365-housse.com\/es\/productos\/housse-fauteuil-extensible-geometrique-noire\/"]}]},{"@type":"ImageObject","inLanguage":"es","@id":"https:\/\/365-housse.com\/es\/productos\/housse-fauteuil-extensible-geometrique-noire\/#primaryimage","url":"https:\/\/365-housse.com\/wp-content\/uploads\/2023\/06\/housse-de-fauteuil-extensible-geometrique-noire.png","contentUrl":"https:\/\/365-housse.com\/wp-content\/uploads\/2023\/06\/housse-de-fauteuil-extensible-geometrique-noire.png","width":501,"height":498},{"@type":"BreadcrumbList","@id":"https:\/\/365-housse.com\/es\/productos\/housse-fauteuil-extensible-geometrique-noire\/#breadcrumb","itemListElement":[{"@type":"ListItem","position":1,"name":"Accueil","item":"https:\/\/365-housse.com\/es\/"},{"@type":"ListItem","position":2,"name":"Tienda","item":"https:\/\/365-housse.com\/es\/tienda\/"},{"@type":"ListItem","position":3,"name":"Funda de sill\u00f3n el\u00e1stica geom\u00e9trica negra"}]},{"@type":"WebSite","@id":"https:\/\/365-housse.com\/es\/#website","url":"https:\/\/365-housse.com\/es\/","name":"Housse de Canap\u00e9","description":"Le N\u00b01 de la Housse","publisher":{"@id":"https:\/\/365-housse.com\/es\/#organization"},"potentialAction":[{"@type":"SearchAction","target":{"@type":"EntryPoint","urlTemplate":"https:\/\/365-housse.com\/es\/?s={search_term_string}"},"query-input":{"@type":"PropertyValueSpecification","valueRequired":true,"valueName":"search_term_string"}}],"inLanguage":"es"},{"@type":"Organization","@id":"https:\/\/365-housse.com\/es\/#organization","name":"Housse de Canap\u00e9","url":"https:\/\/365-housse.com\/es\/","logo":{"@type":"ImageObject","inLanguage":"es","@id":"https:\/\/365-housse.com\/es\/#\/schema\/logo\/image\/","url":"https:\/\/365-housse.com\/wp-content\/uploads\/2023\/06\/LOGO-400-\u00d7-200-px-392-x-134-px-16.png","contentUrl":"https:\/\/365-housse.com\/wp-content\/uploads\/2023\/06\/LOGO-400-\u00d7-200-px-392-x-134-px-16.png","width":392,"height":134,"caption":"Housse de Canap\u00e9"},"image":{"@id":"https:\/\/365-housse.com\/es\/#\/schema\/logo\/image\/"}}]}},"_links":{"self":[{"href":"https:\/\/365-housse.com\/es\/wp-json\/wp\/v2\/product\/18161"}],"collection":[{"href":"https:\/\/365-housse.com\/es\/wp-json\/wp\/v2\/product"}],"about":[{"href":"https:\/\/365-housse.com\/es\/wp-json\/wp\/v2\/types\/product"}],"replies":[{"embeddable":true,"href":"https:\/\/365-housse.com\/es\/wp-json\/wp\/v2\/comments?post=18161"}],"wp:featuredmedia":[{"embeddable":true,"href":"https:\/\/365-housse.com\/es\/wp-json\/wp\/v2\/media\/17175"}],"wp:attachment":[{"href":"https:\/\/365-housse.com\/es\/wp-json\/wp\/v2\/media?parent=18161"}],"wp:term":[{"taxonomy":"product_cat","embeddable":true,"href":"https:\/\/365-housse.com\/es\/wp-json\/wp\/v2\/product_cat?post=18161"},{"taxonomy":"product_tag","embeddable":true,"href":"https:\/\/365-housse.com\/es\/wp-json\/wp\/v2\/product_tag?post=18161"}],"curies":[{"name":"wp","href":"https:\/\/api.w.org\/{rel}","templated":true}]}}