{"id":19090,"date":"2023-06-12T08:31:16","date_gmt":"2023-06-12T08:31:16","guid":{"rendered":"https:\/\/365-housse.com\/products\/housse-de-coussin-canape-marron-fonce\/"},"modified":"2024-09-17T15:00:41","modified_gmt":"2024-09-17T15:00:41","slug":"housse-de-coussin-canape-marron-fonce","status":"publish","type":"product","link":"https:\/\/365-housse.com\/es\/productos\/housse-de-coussin-canape-marron-fonce\/","title":{"rendered":"Funda de coj\u00edn para sof\u00e1 marr\u00f3n oscuro"},"content":{"rendered":"<p>A\u00f1ade un toque de sofisticaci\u00f3n y calidez a tu sof\u00e1 con nuestra <strong>Funda de Coj\u00edn para Sof\u00e1 Marr\u00f3n Oscuro<\/strong>. Dise\u00f1ada para los amantes del estilo cl\u00e1sico y atemporal, esta funda encarna refinamiento y elegancia, creando una atm\u00f3sfera acogedora y confortable en su espacio vital. Combina a la perfecci\u00f3n el marr\u00f3n oscuro con una est\u00e9tica atemporal.<\/p>\n<h3>Las principales ventajas de nuestra Funda de Coj\u00edn para Sof\u00e1 Marr\u00f3n Oscuro:<\/h3>\n<ul>\n<li><span style=\"font-size: 0.875rem\">Aporta un toque de originalidad a tu decoraci\u00f3n interior<\/span><\/li>\n<li><span style=\"font-size: 0.875rem\">Crea un ambiente c\u00e1lido y confortable<\/span><\/li>\n<li><span style=\"font-size: 0.875rem\">Proporciona una protecci\u00f3n eficaz contra las manchas y la suciedad<\/span><\/li>\n<li><span style=\"font-size: 0.875rem\">Fabricado con <strong>tejidos de alta calidad<\/strong> para preservar tus cojines<\/span><\/li>\n<li><span style=\"font-size: 0.875rem\">Ayuda a prolongar la vida \u00fatil de tus cojines<\/span><\/li>\n<\/ul>\n<p><strong>Caracter\u00edsticas:<\/strong><\/p>\n<ul>\n<li>Composici\u00f3n: Poli\u00e9ster de primera calidad<\/li>\n<li>Material estirable<\/li>\n<li><strong>tecnolog\u00eda de impresi\u00f3n de alto rendimiento<\/strong> para una mayor resistencia del color a la luz y al lavado<\/li>\n<li>Lavable a m\u00e1quina (sin planchado y de secado r\u00e1pido)<\/li>\n<li>Disponible en varios tama\u00f1os<\/li>\n<\/ul>\n<p><strong>Gu\u00eda de tallas:<\/strong><\/p>\n<p>Ofrecemos fundas para cojines de sof\u00e1 en tama\u00f1o est\u00e1ndar y tama\u00f1o extragrande.<\/p>\n<p><strong><em>\u00a0 \u00a0 \u00a0=&gt; Aqu\u00ed est\u00e1 la gu\u00eda de tallas est\u00e1ndar:<\/em><\/strong><\/p>\n<div><span>\u00a0 \u00a0 \u00a0 \u00a0 \u00a0 &#8211; Est\u00e1ndar 1: largo 50 &#8211; 65 cm \/ ancho 50 &#8211; 65 cm<\/span><\/div>\n<div><span>\u00a0 \u00a0 \u00a0 \u00a0 \u00a0 &#8211; Est\u00e1ndar 2: largo 100 &#8211; 125 cm \/ ancho 50 &#8211; 65 cm<\/span><\/div>\n<div><span> &#8211; Est\u00e1ndar 3: largo 150 &#8211; 190 cm \/ ancho 50 &#8211; 65 cm<\/span><\/div>\n<div><span> &#8211; Est\u00e1ndar 4: largo 140 &#8211; 190 cm \/ ancho 85 &#8211; 95 cm<\/span><\/div>\n<p><span><br \/><\/span><\/p>\n<p style=\"text-align: center\"><img decoding=\"async\" alt=\"Taille est\u00e1ndar\" src=\"https:\/\/365-housse.com\/wp-content\/uploads\/2023\/06\/Taille-Standard_480x480.jpg?v =1686474249\" \/><\/p>\n<p><strong><em>\u00a0 \u00a0 \u00a0=&gt; Aqu\u00ed tienes la gu\u00eda de tallas extragrandes:<\/em><\/strong><\/p>\n<div><span> &#8211; extragrande 1: largo 65 &#8211; 95 cm \/ ancho 65 &#8211; 95 cm<\/span><\/div>\n<div><span>\u00a0 \u00a0 \u00a0 \u00a0 \u00a0 &#8211; Extra grande 2: largo 95 &#8211; 135 cm \/ ancho 65 &#8211; 95 cm<\/span><\/div>\n<div><span>\u00a0 \u00a0 \u00a0 \u00a0 \u00a0 &#8211; Extra grande 3: largo 135 &#8211; 165 cm \/ ancho 65 &#8211; 95 cm<\/span><\/div>\n<div><span>\u00a0 \u00a0 \u00a0 \u00a0 \u00a0 &#8211; Extra grande 4: largo 165 &#8211; 200 cm \/ ancho 65 &#8211; 95 cm<\/span><\/div>\n<p><span><br \/><\/span><\/p>\n<p style=\"text-align: center\"><img decoding=\"async\" alt=\"Taille-Extra-Large\" src=\"https:\/\/365-housse.com\/wp-content\/uploads\/2023\/06\/Taille-Extra- Grande_480x480.jpg?v=1686474312\" \/>&gt;<\/p>\n<p><span>Nuestras <strong>fundas de cojines para sof\u00e1s<\/strong> tienen un tama\u00f1o universal, lo que les permite adaptarse a una gran cantidad de dise\u00f1os de cojines individuales.<\/span><\/p>\n<p><span><img decoding=\"async\" alt=\"housse-coussin-canapes\" src=\"https:\/\/365-housse.com\/wp-content\/uploads\/2023\/06\/housse-coussin-canapes-individuals_480x480.jpg? v=1685633697\" style=\"margin-left: auto;margin-right: auto\" \/><\/span><\/p>\n<p data-mce-fragment=\"1\">Con nuestro <a href=\"https:\/\/365-housse.com\/es\/collections\/funda-de-cojin-para-sofa\/\" title=\"funda de coj\u00edn para sof\u00e1\"><strong data-mce-fragment=\"1\">funda de coj\u00edn para sof\u00e1<\/ strong> <\/a>, dotar\u00e1s a tu sal\u00f3n de un atractivo y c\u00e1lido centro de mesa. Su encanto atemporal confiere a la habitaci\u00f3n un ambiente acogedor y relajante, donde podr\u00e1 descansar y recargar energ\u00edas. Su elegante dise\u00f1o y suave color combinan a la perfecci\u00f3n con cualquier tipo de decoraci\u00f3n interior, aportando a tu sof\u00e1 o sill\u00f3n un toque extra de confort. Su apariencia cl\u00e1sica crea una atm\u00f3sfera serena y acogedora, perfecta para relajarse despu\u00e9s de un largo d\u00eda.<\/p>\n<p data-mce-fragment=\"1\">Descubra tambi\u00e9n nuestro <strong data-mce-fragment=\"1 \">Funda de Coj\u00edn de Sof\u00e1 Negra<\/strong>, que aporta una nota de atrevimiento y elegancia a tu interior. Combina la intensidad del marr\u00f3n oscuro con el chic del negro para obtener combinaciones armoniosas y refinadas.<\/p>\n","protected":false},"excerpt":{"rendered":"<p>A\u00f1ade un toque de sofisticaci\u00f3n y calidez a tu sof\u00e1 con nuestra Funda de Coj\u00edn para Sof\u00e1 Marr\u00f3n Oscuro. Dise\u00f1ada para los amantes del estilo cl\u00e1sico y atemporal, esta funda encarna refinamiento y elegancia, creando una atm\u00f3sfera acogedora y confortable en su espacio vital. Combina a la perfecci\u00f3n el marr\u00f3n oscuro con una est\u00e9tica atemporal. [&hellip;]<\/p>\n","protected":false},"featured_media":16478,"comment_status":"open","ping_status":"closed","template":"","meta":[],"product_cat":[187,161],"product_tag":[208],"class_list":{"0":"post-19090","1":"product","2":"type-product","3":"status-publish","4":"has-post-thumbnail","6":"product_cat-funda-de-cojin-para-sofa","7":"product_cat-portada-interior","8":"product_tag-housse-de-coussin-canape-es","10":"first","11":"instock","12":"shipping-taxable","13":"purchasable","14":"product-type-variable"},"yoast_head":"<title>Funda de coj\u00edn para sof\u00e1 marr\u00f3n oscuro en entrega - gratis Ahorra un 30% en tu pedido<\/title>\n<meta name=\"description\" content=\"Recibe tu Funda de coj\u00edn para sof\u00e1 marr\u00f3n oscuro hoy y benef\u00edciate de la entrega - gratuita Env\u00edo en 24\/48h\" \/>\n<meta name=\"robots\" content=\"index, follow, max-snippet:-1, max-image-preview:large, max-video-preview:-1\" \/>\n<link rel=\"canonical\" href=\"https:\/\/365-housse.com\/es\/productos\/housse-de-coussin-canape-marron-fonce\/\" \/>\n<meta property=\"og:locale\" content=\"es_ES\" \/>\n<meta property=\"og:type\" content=\"article\" \/>\n<meta property=\"og:title\" content=\"Funda de coj\u00edn para sof\u00e1 marr\u00f3n oscuro en entrega - gratis Ahorra un 30% en tu pedido\" \/>\n<meta property=\"og:description\" content=\"Recibe tu Funda de coj\u00edn para sof\u00e1 marr\u00f3n oscuro hoy y benef\u00edciate de la entrega - gratuita Env\u00edo en 24\/48h\" \/>\n<meta property=\"og:url\" content=\"https:\/\/365-housse.com\/es\/productos\/housse-de-coussin-canape-marron-fonce\/\" \/>\n<meta property=\"og:site_name\" content=\"Housse de Canap\u00e9\" \/>\n<meta property=\"article:modified_time\" content=\"2024-09-17T15:00:41+00:00\" \/>\n<meta property=\"og:image\" content=\"https:\/\/365-housse.com\/wp-content\/uploads\/2023\/06\/housse-coussin-canape-marron-fonce.jpg\" \/>\n\t<meta property=\"og:image:width\" content=\"446\" \/>\n\t<meta property=\"og:image:height\" content=\"446\" \/>\n\t<meta property=\"og:image:type\" content=\"image\/jpeg\" \/>\n<meta name=\"twitter:card\" content=\"summary_large_image\" \/>\n<meta name=\"twitter:label1\" content=\"Tiempo de lectura\" \/>\n\t<meta name=\"twitter:data1\" content=\"2 minutos\" \/>\n<script type=\"application\/ld+json\" class=\"yoast-schema-graph\">{\"@context\":\"https:\/\/schema.org\",\"@graph\":[{\"@type\":\"WebPage\",\"@id\":\"https:\/\/365-housse.com\/es\/productos\/housse-de-coussin-canape-marron-fonce\/\",\"url\":\"https:\/\/365-housse.com\/es\/productos\/housse-de-coussin-canape-marron-fonce\/\",\"name\":\"Funda de coj\u00edn para sof\u00e1 marr\u00f3n oscuro en entrega - gratis Ahorra un 30% en tu pedido\",\"isPartOf\":{\"@id\":\"https:\/\/365-housse.com\/es\/#website\"},\"primaryImageOfPage\":{\"@id\":\"https:\/\/365-housse.com\/es\/productos\/housse-de-coussin-canape-marron-fonce\/#primaryimage\"},\"image\":{\"@id\":\"https:\/\/365-housse.com\/es\/productos\/housse-de-coussin-canape-marron-fonce\/#primaryimage\"},\"thumbnailUrl\":\"https:\/\/365-housse.com\/wp-content\/uploads\/2023\/06\/housse-coussin-canape-marron-fonce.jpg\",\"datePublished\":\"2023-06-12T08:31:16+00:00\",\"dateModified\":\"2024-09-17T15:00:41+00:00\",\"description\":\"Recibe tu Funda de coj\u00edn para sof\u00e1 marr\u00f3n oscuro hoy y benef\u00edciate de la entrega - gratuita Env\u00edo en 24\/48h\",\"breadcrumb\":{\"@id\":\"https:\/\/365-housse.com\/es\/productos\/housse-de-coussin-canape-marron-fonce\/#breadcrumb\"},\"inLanguage\":\"es\",\"potentialAction\":[{\"@type\":\"ReadAction\",\"target\":[\"https:\/\/365-housse.com\/es\/productos\/housse-de-coussin-canape-marron-fonce\/\"]}]},{\"@type\":\"ImageObject\",\"inLanguage\":\"es\",\"@id\":\"https:\/\/365-housse.com\/es\/productos\/housse-de-coussin-canape-marron-fonce\/#primaryimage\",\"url\":\"https:\/\/365-housse.com\/wp-content\/uploads\/2023\/06\/housse-coussin-canape-marron-fonce.jpg\",\"contentUrl\":\"https:\/\/365-housse.com\/wp-content\/uploads\/2023\/06\/housse-coussin-canape-marron-fonce.jpg\",\"width\":446,\"height\":446},{\"@type\":\"BreadcrumbList\",\"@id\":\"https:\/\/365-housse.com\/es\/productos\/housse-de-coussin-canape-marron-fonce\/#breadcrumb\",\"itemListElement\":[{\"@type\":\"ListItem\",\"position\":1,\"name\":\"Accueil\",\"item\":\"https:\/\/365-housse.com\/es\/\"},{\"@type\":\"ListItem\",\"position\":2,\"name\":\"Tienda\",\"item\":\"https:\/\/365-housse.com\/es\/tienda\/\"},{\"@type\":\"ListItem\",\"position\":3,\"name\":\"Funda de coj\u00edn para sof\u00e1 marr\u00f3n oscuro\"}]},{\"@type\":\"WebSite\",\"@id\":\"https:\/\/365-housse.com\/es\/#website\",\"url\":\"https:\/\/365-housse.com\/es\/\",\"name\":\"Housse de Canap\u00e9\",\"description\":\"Le N\u00b01 de la Housse\",\"publisher\":{\"@id\":\"https:\/\/365-housse.com\/es\/#organization\"},\"potentialAction\":[{\"@type\":\"SearchAction\",\"target\":{\"@type\":\"EntryPoint\",\"urlTemplate\":\"https:\/\/365-housse.com\/es\/?s={search_term_string}\"},\"query-input\":{\"@type\":\"PropertyValueSpecification\",\"valueRequired\":true,\"valueName\":\"search_term_string\"}}],\"inLanguage\":\"es\"},{\"@type\":\"Organization\",\"@id\":\"https:\/\/365-housse.com\/es\/#organization\",\"name\":\"Housse de Canap\u00e9\",\"url\":\"https:\/\/365-housse.com\/es\/\",\"logo\":{\"@type\":\"ImageObject\",\"inLanguage\":\"es\",\"@id\":\"https:\/\/365-housse.com\/es\/#\/schema\/logo\/image\/\",\"url\":\"https:\/\/365-housse.com\/wp-content\/uploads\/2023\/06\/LOGO-400-\u00d7-200-px-392-x-134-px-16.png\",\"contentUrl\":\"https:\/\/365-housse.com\/wp-content\/uploads\/2023\/06\/LOGO-400-\u00d7-200-px-392-x-134-px-16.png\",\"width\":392,\"height\":134,\"caption\":\"Housse de Canap\u00e9\"},\"image\":{\"@id\":\"https:\/\/365-housse.com\/es\/#\/schema\/logo\/image\/\"}}]}<\/script>","yoast_head_json":{"title":"Funda de coj\u00edn para sof\u00e1 marr\u00f3n oscuro en entrega - gratis Ahorra un 30% en tu pedido","description":"Recibe tu Funda de coj\u00edn para sof\u00e1 marr\u00f3n oscuro hoy y benef\u00edciate de la entrega - gratuita Env\u00edo en 24\/48h","robots":{"index":"index","follow":"follow","max-snippet":"max-snippet:-1","max-image-preview":"max-image-preview:large","max-video-preview":"max-video-preview:-1"},"canonical":"https:\/\/365-housse.com\/es\/productos\/housse-de-coussin-canape-marron-fonce\/","og_locale":"es_ES","og_type":"article","og_title":"Funda de coj\u00edn para sof\u00e1 marr\u00f3n oscuro en entrega - gratis Ahorra un 30% en tu pedido","og_description":"Recibe tu Funda de coj\u00edn para sof\u00e1 marr\u00f3n oscuro hoy y benef\u00edciate de la entrega - gratuita Env\u00edo en 24\/48h","og_url":"https:\/\/365-housse.com\/es\/productos\/housse-de-coussin-canape-marron-fonce\/","og_site_name":"Housse de Canap\u00e9","article_modified_time":"2024-09-17T15:00:41+00:00","og_image":[{"width":446,"height":446,"url":"https:\/\/365-housse.com\/wp-content\/uploads\/2023\/06\/housse-coussin-canape-marron-fonce.jpg","type":"image\/jpeg"}],"twitter_card":"summary_large_image","twitter_misc":{"Tiempo de lectura":"2 minutos"},"schema":{"@context":"https:\/\/schema.org","@graph":[{"@type":"WebPage","@id":"https:\/\/365-housse.com\/es\/productos\/housse-de-coussin-canape-marron-fonce\/","url":"https:\/\/365-housse.com\/es\/productos\/housse-de-coussin-canape-marron-fonce\/","name":"Funda de coj\u00edn para sof\u00e1 marr\u00f3n oscuro en entrega - gratis Ahorra un 30% en tu pedido","isPartOf":{"@id":"https:\/\/365-housse.com\/es\/#website"},"primaryImageOfPage":{"@id":"https:\/\/365-housse.com\/es\/productos\/housse-de-coussin-canape-marron-fonce\/#primaryimage"},"image":{"@id":"https:\/\/365-housse.com\/es\/productos\/housse-de-coussin-canape-marron-fonce\/#primaryimage"},"thumbnailUrl":"https:\/\/365-housse.com\/wp-content\/uploads\/2023\/06\/housse-coussin-canape-marron-fonce.jpg","datePublished":"2023-06-12T08:31:16+00:00","dateModified":"2024-09-17T15:00:41+00:00","description":"Recibe tu Funda de coj\u00edn para sof\u00e1 marr\u00f3n oscuro hoy y benef\u00edciate de la entrega - gratuita Env\u00edo en 24\/48h","breadcrumb":{"@id":"https:\/\/365-housse.com\/es\/productos\/housse-de-coussin-canape-marron-fonce\/#breadcrumb"},"inLanguage":"es","potentialAction":[{"@type":"ReadAction","target":["https:\/\/365-housse.com\/es\/productos\/housse-de-coussin-canape-marron-fonce\/"]}]},{"@type":"ImageObject","inLanguage":"es","@id":"https:\/\/365-housse.com\/es\/productos\/housse-de-coussin-canape-marron-fonce\/#primaryimage","url":"https:\/\/365-housse.com\/wp-content\/uploads\/2023\/06\/housse-coussin-canape-marron-fonce.jpg","contentUrl":"https:\/\/365-housse.com\/wp-content\/uploads\/2023\/06\/housse-coussin-canape-marron-fonce.jpg","width":446,"height":446},{"@type":"BreadcrumbList","@id":"https:\/\/365-housse.com\/es\/productos\/housse-de-coussin-canape-marron-fonce\/#breadcrumb","itemListElement":[{"@type":"ListItem","position":1,"name":"Accueil","item":"https:\/\/365-housse.com\/es\/"},{"@type":"ListItem","position":2,"name":"Tienda","item":"https:\/\/365-housse.com\/es\/tienda\/"},{"@type":"ListItem","position":3,"name":"Funda de coj\u00edn para sof\u00e1 marr\u00f3n oscuro"}]},{"@type":"WebSite","@id":"https:\/\/365-housse.com\/es\/#website","url":"https:\/\/365-housse.com\/es\/","name":"Housse de Canap\u00e9","description":"Le N\u00b01 de la Housse","publisher":{"@id":"https:\/\/365-housse.com\/es\/#organization"},"potentialAction":[{"@type":"SearchAction","target":{"@type":"EntryPoint","urlTemplate":"https:\/\/365-housse.com\/es\/?s={search_term_string}"},"query-input":{"@type":"PropertyValueSpecification","valueRequired":true,"valueName":"search_term_string"}}],"inLanguage":"es"},{"@type":"Organization","@id":"https:\/\/365-housse.com\/es\/#organization","name":"Housse de Canap\u00e9","url":"https:\/\/365-housse.com\/es\/","logo":{"@type":"ImageObject","inLanguage":"es","@id":"https:\/\/365-housse.com\/es\/#\/schema\/logo\/image\/","url":"https:\/\/365-housse.com\/wp-content\/uploads\/2023\/06\/LOGO-400-\u00d7-200-px-392-x-134-px-16.png","contentUrl":"https:\/\/365-housse.com\/wp-content\/uploads\/2023\/06\/LOGO-400-\u00d7-200-px-392-x-134-px-16.png","width":392,"height":134,"caption":"Housse de Canap\u00e9"},"image":{"@id":"https:\/\/365-housse.com\/es\/#\/schema\/logo\/image\/"}}]}},"_links":{"self":[{"href":"https:\/\/365-housse.com\/es\/wp-json\/wp\/v2\/product\/19090"}],"collection":[{"href":"https:\/\/365-housse.com\/es\/wp-json\/wp\/v2\/product"}],"about":[{"href":"https:\/\/365-housse.com\/es\/wp-json\/wp\/v2\/types\/product"}],"replies":[{"embeddable":true,"href":"https:\/\/365-housse.com\/es\/wp-json\/wp\/v2\/comments?post=19090"}],"wp:featuredmedia":[{"embeddable":true,"href":"https:\/\/365-housse.com\/es\/wp-json\/wp\/v2\/media\/16478"}],"wp:attachment":[{"href":"https:\/\/365-housse.com\/es\/wp-json\/wp\/v2\/media?parent=19090"}],"wp:term":[{"taxonomy":"product_cat","embeddable":true,"href":"https:\/\/365-housse.com\/es\/wp-json\/wp\/v2\/product_cat?post=19090"},{"taxonomy":"product_tag","embeddable":true,"href":"https:\/\/365-housse.com\/es\/wp-json\/wp\/v2\/product_tag?post=19090"}],"curies":[{"name":"wp","href":"https:\/\/api.w.org\/{rel}","templated":true}]}}