{"id":20032,"date":"2023-06-12T08:11:44","date_gmt":"2023-06-12T08:11:44","guid":{"rendered":"https:\/\/365-housse.com\/products\/housse-de-chaise-marbree-violette\/"},"modified":"2024-09-17T15:07:22","modified_gmt":"2024-09-17T15:07:22","slug":"housse-de-chaise-marbree-violette","status":"publish","type":"product","link":"https:\/\/365-housse.com\/es\/productos\/housse-de-chaise-marbree-violette\/","title":{"rendered":"Funda de silla de m\u00e1rmol morado"},"content":{"rendered":"<h2 data-mce-fragment=\"1\" data-pm-slice=\"1 1 []\">El patr\u00f3n jaspeado da <strong>un soplo de vida<\/strong> a esta <strong>funda para silla de m\u00e1rmol morado<\/strong> fuerte&gt;. Dise\u00f1ado y fabricado con materiales de primera calidad, se adapta perfectamente a todos los hogares que buscan un ambiente c\u00e1lido. Su suavidad y delicadeza aportan estilo a cualquier habitaci\u00f3n, lo que la convierte en una excelente adici\u00f3n a su sala de estar o sala familiar.<\/h2>\n<h3><span>Las ventajas de la Funda de Silla M\u00e1rmol Morado para tu hogar <strong>:<\/strong><\/span><\/h3>\n<ul>\n<li>\n<p>Ofrece <strong>un aspecto chic<\/strong> y <strong>atractivo<\/strong> a tu interior<\/p>\n<\/li>\n<li>\n<p>La funda de la silla proporciona una <strong>m\u00e1xima protecci\u00f3n<\/strong> contra el desgaste, suciedad, manchas, mascotas, etc.<\/p>\n<\/li>\n<li>\n<p><strong>Se adapta al instante<\/strong>, nuestras fundas protectoras cuentan con propiedades el\u00e1sticas para adaptarse perfectamente al 99% de los modelos de sillas<\/p>\n<\/li>\n<li>\n<p>Confeccionado con <strong>tejido de primera calidad<\/strong><\/p>\n<\/li>\n<\/ul>\n<p><span><strong>Caracter\u00edsticas: <\/strong><\/span><\/p>\n<ul>\n<li>\n<p><span>Material: 10<\/span><span>% Elastano (material el\u00e1stico) + 90% <\/span><span>Poli\u00e9ster<\/span><\/p>\n<\/li>\n<li>\n<p><span>La tela de alta densidad protege tu silla de manchas no deseadas<\/span><\/p>\n<\/li>\n<li>\n<p><span>Tecnolog\u00eda de impresi\u00f3n ultraavanzada para mejorar la solidez del color a la luz y al lavado<\/span><\/p>\n<\/li>\n<li>\n<p><span>F\u00e1cil de poner<\/span><\/p>\n<\/li>\n<li>\n<p><span>Mant\u00e9n tu silla limpia y en buen estado<\/span><\/p>\n<\/li>\n<li>\n<p><span>El dise\u00f1o de banda el\u00e1stica garantiza un ajuste perfecto y una sujeci\u00f3n antideslizante<\/span><\/p>\n<\/li>\n<li>\n<p>Lavable a m\u00e1quina<\/p>\n<\/li>\n<\/ul>\n<p><span><strong>Gu\u00eda de tallas:<\/strong><\/span><\/p>\n<p><img decoding=\"async\" alt=\"\" src=\"https:\/\/365-housse.com\/wp-content\/uploads\/2023\/06\/housse-de-chaise-marbre-taille_480x480.jpg?v=1675022086\" \/><\/p>\n<div>Nuestras fundas para sillas se adaptan a muchas sillas gracias a su tama\u00f1o universal<\/div>\n<div><\/div>\n<p><img decoding=\"async\" alt=\"\" src=\"https:\/\/365-housse.com\/wp-content\/uploads\/2023\/06\/housse-de-chaise-universelle_480x480.jpg?v=1623509218\" \/><\/p>\n<\/p>\n<p data-mce-fragment=\"1\">NOTA: \u00a1Empiece por colocar la <strong data-mce-fragment=\"1\">funda de silla de m\u00e1rmol<\/strong> desde la parte posterior!\u00a0<\/p>\n<p data-mce-fragment=\"1\"><img decoding=\"async\" alt=\"funda-silla\" data-mce-fragment=\"1\" data-mce-src=\"https:\/\/365-housse.com\/wp -content \/uploads\/2023\/06\/housse-de-protection-chaise_480x480.jpg?v=1623509317\" src=\"https:\/\/365-housse.com\/wp-content\/uploads\/2023\/06\/housse-de-chair- proteccion_480x480.jpg?v=1623509317\" style=\"margin-left: auto;margin-right: auto\" \/><\/p>\n<\/p>\n<p>Navega por nuestra colecci\u00f3n y elige la <a href=\"https:\/\/365-housse.com\/es\/collections\/funda-de-silla\/\" rel=\"noopener noreferrer\" target=\"_blank\" title=\"Portada de Chair\"><strong>Funda para Silla<\/strong><\/a> que aportar\u00e1 un toque de glamour y singularidad a su interior. Nuestro <a href=\"https:\/\/365-housse.com\/products\/marbled-chair-cover-green-amarillo\/\" rel=\"noopener noreferrer\" target=\"_blank\" title=\"Funda para silla m\u00e1rmol verde amarillo\"> La <strong>funda para silla de m\u00e1rmol verde amarillo<\/strong><\/a> puede, por ejemplo, ayudarle a crear un ambiente jamaicano en su hogar. Tambi\u00e9n es un gran regalo para quienes aprecian esta combinaci\u00f3n de colores.<\/p>\n","protected":false},"excerpt":{"rendered":"<p>El patr\u00f3n jaspeado da un soplo de vida a esta funda para silla de m\u00e1rmol morado fuerte&gt;. Dise\u00f1ado y fabricado con materiales de primera calidad, se adapta perfectamente a todos los hogares que buscan un ambiente c\u00e1lido. Su suavidad y delicadeza aportan estilo a cualquier habitaci\u00f3n, lo que la convierte en una excelente adici\u00f3n a [&hellip;]<\/p>\n","protected":false},"featured_media":15960,"comment_status":"open","ping_status":"closed","template":"","meta":[],"product_cat":[176,161],"product_tag":[212],"class_list":{"0":"post-20032","1":"product","2":"type-product","3":"status-publish","4":"has-post-thumbnail","6":"product_cat-funda-de-silla","7":"product_cat-portada-interior","8":"product_tag-chaise-es","10":"first","11":"instock","12":"shipping-taxable","13":"purchasable","14":"product-type-simple"},"yoast_head":"<title>Funda de silla de m\u00e1rmol morado en entrega - gratis Ahorra un 30% en tu pedido<\/title>\n<meta name=\"description\" content=\"Recibe tu Funda de silla de m\u00e1rmol morado hoy y benef\u00edciate de la entrega - gratuita Env\u00edo en 24\/48h\" \/>\n<meta name=\"robots\" content=\"index, follow, max-snippet:-1, max-image-preview:large, max-video-preview:-1\" \/>\n<link rel=\"canonical\" href=\"https:\/\/365-housse.com\/es\/productos\/housse-de-chaise-marbree-violette\/\" \/>\n<meta property=\"og:locale\" content=\"es_ES\" \/>\n<meta property=\"og:type\" content=\"article\" \/>\n<meta property=\"og:title\" content=\"Funda de silla de m\u00e1rmol morado en entrega - gratis Ahorra un 30% en tu pedido\" \/>\n<meta property=\"og:description\" content=\"Recibe tu Funda de silla de m\u00e1rmol morado hoy y benef\u00edciate de la entrega - gratuita Env\u00edo en 24\/48h\" \/>\n<meta property=\"og:url\" content=\"https:\/\/365-housse.com\/es\/productos\/housse-de-chaise-marbree-violette\/\" \/>\n<meta property=\"og:site_name\" content=\"Housse de Canap\u00e9\" \/>\n<meta property=\"article:modified_time\" content=\"2024-09-17T15:07:22+00:00\" \/>\n<meta property=\"og:image\" content=\"https:\/\/365-housse.com\/wp-content\/uploads\/2023\/06\/housse-de-chaise-marbre-violet.jpg\" \/>\n\t<meta property=\"og:image:width\" content=\"411\" \/>\n\t<meta property=\"og:image:height\" content=\"458\" \/>\n\t<meta property=\"og:image:type\" content=\"image\/jpeg\" \/>\n<meta name=\"twitter:card\" content=\"summary_large_image\" \/>\n<meta name=\"twitter:label1\" content=\"Tiempo de lectura\" \/>\n\t<meta name=\"twitter:data1\" content=\"2 minutos\" \/>\n<script type=\"application\/ld+json\" class=\"yoast-schema-graph\">{\"@context\":\"https:\/\/schema.org\",\"@graph\":[{\"@type\":\"WebPage\",\"@id\":\"https:\/\/365-housse.com\/es\/productos\/housse-de-chaise-marbree-violette\/\",\"url\":\"https:\/\/365-housse.com\/es\/productos\/housse-de-chaise-marbree-violette\/\",\"name\":\"Funda de silla de m\u00e1rmol morado en entrega - gratis Ahorra un 30% en tu pedido\",\"isPartOf\":{\"@id\":\"https:\/\/365-housse.com\/es\/#website\"},\"primaryImageOfPage\":{\"@id\":\"https:\/\/365-housse.com\/es\/productos\/housse-de-chaise-marbree-violette\/#primaryimage\"},\"image\":{\"@id\":\"https:\/\/365-housse.com\/es\/productos\/housse-de-chaise-marbree-violette\/#primaryimage\"},\"thumbnailUrl\":\"https:\/\/365-housse.com\/wp-content\/uploads\/2023\/06\/housse-de-chaise-marbre-violet.jpg\",\"datePublished\":\"2023-06-12T08:11:44+00:00\",\"dateModified\":\"2024-09-17T15:07:22+00:00\",\"description\":\"Recibe tu Funda de silla de m\u00e1rmol morado hoy y benef\u00edciate de la entrega - gratuita Env\u00edo en 24\/48h\",\"breadcrumb\":{\"@id\":\"https:\/\/365-housse.com\/es\/productos\/housse-de-chaise-marbree-violette\/#breadcrumb\"},\"inLanguage\":\"es\",\"potentialAction\":[{\"@type\":\"ReadAction\",\"target\":[\"https:\/\/365-housse.com\/es\/productos\/housse-de-chaise-marbree-violette\/\"]}]},{\"@type\":\"ImageObject\",\"inLanguage\":\"es\",\"@id\":\"https:\/\/365-housse.com\/es\/productos\/housse-de-chaise-marbree-violette\/#primaryimage\",\"url\":\"https:\/\/365-housse.com\/wp-content\/uploads\/2023\/06\/housse-de-chaise-marbre-violet.jpg\",\"contentUrl\":\"https:\/\/365-housse.com\/wp-content\/uploads\/2023\/06\/housse-de-chaise-marbre-violet.jpg\",\"width\":411,\"height\":458},{\"@type\":\"BreadcrumbList\",\"@id\":\"https:\/\/365-housse.com\/es\/productos\/housse-de-chaise-marbree-violette\/#breadcrumb\",\"itemListElement\":[{\"@type\":\"ListItem\",\"position\":1,\"name\":\"Accueil\",\"item\":\"https:\/\/365-housse.com\/es\/\"},{\"@type\":\"ListItem\",\"position\":2,\"name\":\"Tienda\",\"item\":\"https:\/\/365-housse.com\/es\/tienda\/\"},{\"@type\":\"ListItem\",\"position\":3,\"name\":\"Funda de silla de m\u00e1rmol morado\"}]},{\"@type\":\"WebSite\",\"@id\":\"https:\/\/365-housse.com\/es\/#website\",\"url\":\"https:\/\/365-housse.com\/es\/\",\"name\":\"Housse de Canap\u00e9\",\"description\":\"Le N\u00b01 de la Housse\",\"publisher\":{\"@id\":\"https:\/\/365-housse.com\/es\/#organization\"},\"potentialAction\":[{\"@type\":\"SearchAction\",\"target\":{\"@type\":\"EntryPoint\",\"urlTemplate\":\"https:\/\/365-housse.com\/es\/?s={search_term_string}\"},\"query-input\":{\"@type\":\"PropertyValueSpecification\",\"valueRequired\":true,\"valueName\":\"search_term_string\"}}],\"inLanguage\":\"es\"},{\"@type\":\"Organization\",\"@id\":\"https:\/\/365-housse.com\/es\/#organization\",\"name\":\"Housse de Canap\u00e9\",\"url\":\"https:\/\/365-housse.com\/es\/\",\"logo\":{\"@type\":\"ImageObject\",\"inLanguage\":\"es\",\"@id\":\"https:\/\/365-housse.com\/es\/#\/schema\/logo\/image\/\",\"url\":\"https:\/\/365-housse.com\/wp-content\/uploads\/2023\/06\/LOGO-400-\u00d7-200-px-392-x-134-px-16.png\",\"contentUrl\":\"https:\/\/365-housse.com\/wp-content\/uploads\/2023\/06\/LOGO-400-\u00d7-200-px-392-x-134-px-16.png\",\"width\":392,\"height\":134,\"caption\":\"Housse de Canap\u00e9\"},\"image\":{\"@id\":\"https:\/\/365-housse.com\/es\/#\/schema\/logo\/image\/\"}}]}<\/script>","yoast_head_json":{"title":"Funda de silla de m\u00e1rmol morado en entrega - gratis Ahorra un 30% en tu pedido","description":"Recibe tu Funda de silla de m\u00e1rmol morado hoy y benef\u00edciate de la entrega - gratuita Env\u00edo en 24\/48h","robots":{"index":"index","follow":"follow","max-snippet":"max-snippet:-1","max-image-preview":"max-image-preview:large","max-video-preview":"max-video-preview:-1"},"canonical":"https:\/\/365-housse.com\/es\/productos\/housse-de-chaise-marbree-violette\/","og_locale":"es_ES","og_type":"article","og_title":"Funda de silla de m\u00e1rmol morado en entrega - gratis Ahorra un 30% en tu pedido","og_description":"Recibe tu Funda de silla de m\u00e1rmol morado hoy y benef\u00edciate de la entrega - gratuita Env\u00edo en 24\/48h","og_url":"https:\/\/365-housse.com\/es\/productos\/housse-de-chaise-marbree-violette\/","og_site_name":"Housse de Canap\u00e9","article_modified_time":"2024-09-17T15:07:22+00:00","og_image":[{"width":411,"height":458,"url":"https:\/\/365-housse.com\/wp-content\/uploads\/2023\/06\/housse-de-chaise-marbre-violet.jpg","type":"image\/jpeg"}],"twitter_card":"summary_large_image","twitter_misc":{"Tiempo de lectura":"2 minutos"},"schema":{"@context":"https:\/\/schema.org","@graph":[{"@type":"WebPage","@id":"https:\/\/365-housse.com\/es\/productos\/housse-de-chaise-marbree-violette\/","url":"https:\/\/365-housse.com\/es\/productos\/housse-de-chaise-marbree-violette\/","name":"Funda de silla de m\u00e1rmol morado en entrega - gratis Ahorra un 30% en tu pedido","isPartOf":{"@id":"https:\/\/365-housse.com\/es\/#website"},"primaryImageOfPage":{"@id":"https:\/\/365-housse.com\/es\/productos\/housse-de-chaise-marbree-violette\/#primaryimage"},"image":{"@id":"https:\/\/365-housse.com\/es\/productos\/housse-de-chaise-marbree-violette\/#primaryimage"},"thumbnailUrl":"https:\/\/365-housse.com\/wp-content\/uploads\/2023\/06\/housse-de-chaise-marbre-violet.jpg","datePublished":"2023-06-12T08:11:44+00:00","dateModified":"2024-09-17T15:07:22+00:00","description":"Recibe tu Funda de silla de m\u00e1rmol morado hoy y benef\u00edciate de la entrega - gratuita Env\u00edo en 24\/48h","breadcrumb":{"@id":"https:\/\/365-housse.com\/es\/productos\/housse-de-chaise-marbree-violette\/#breadcrumb"},"inLanguage":"es","potentialAction":[{"@type":"ReadAction","target":["https:\/\/365-housse.com\/es\/productos\/housse-de-chaise-marbree-violette\/"]}]},{"@type":"ImageObject","inLanguage":"es","@id":"https:\/\/365-housse.com\/es\/productos\/housse-de-chaise-marbree-violette\/#primaryimage","url":"https:\/\/365-housse.com\/wp-content\/uploads\/2023\/06\/housse-de-chaise-marbre-violet.jpg","contentUrl":"https:\/\/365-housse.com\/wp-content\/uploads\/2023\/06\/housse-de-chaise-marbre-violet.jpg","width":411,"height":458},{"@type":"BreadcrumbList","@id":"https:\/\/365-housse.com\/es\/productos\/housse-de-chaise-marbree-violette\/#breadcrumb","itemListElement":[{"@type":"ListItem","position":1,"name":"Accueil","item":"https:\/\/365-housse.com\/es\/"},{"@type":"ListItem","position":2,"name":"Tienda","item":"https:\/\/365-housse.com\/es\/tienda\/"},{"@type":"ListItem","position":3,"name":"Funda de silla de m\u00e1rmol morado"}]},{"@type":"WebSite","@id":"https:\/\/365-housse.com\/es\/#website","url":"https:\/\/365-housse.com\/es\/","name":"Housse de Canap\u00e9","description":"Le N\u00b01 de la Housse","publisher":{"@id":"https:\/\/365-housse.com\/es\/#organization"},"potentialAction":[{"@type":"SearchAction","target":{"@type":"EntryPoint","urlTemplate":"https:\/\/365-housse.com\/es\/?s={search_term_string}"},"query-input":{"@type":"PropertyValueSpecification","valueRequired":true,"valueName":"search_term_string"}}],"inLanguage":"es"},{"@type":"Organization","@id":"https:\/\/365-housse.com\/es\/#organization","name":"Housse de Canap\u00e9","url":"https:\/\/365-housse.com\/es\/","logo":{"@type":"ImageObject","inLanguage":"es","@id":"https:\/\/365-housse.com\/es\/#\/schema\/logo\/image\/","url":"https:\/\/365-housse.com\/wp-content\/uploads\/2023\/06\/LOGO-400-\u00d7-200-px-392-x-134-px-16.png","contentUrl":"https:\/\/365-housse.com\/wp-content\/uploads\/2023\/06\/LOGO-400-\u00d7-200-px-392-x-134-px-16.png","width":392,"height":134,"caption":"Housse de Canap\u00e9"},"image":{"@id":"https:\/\/365-housse.com\/es\/#\/schema\/logo\/image\/"}}]}},"_links":{"self":[{"href":"https:\/\/365-housse.com\/es\/wp-json\/wp\/v2\/product\/20032"}],"collection":[{"href":"https:\/\/365-housse.com\/es\/wp-json\/wp\/v2\/product"}],"about":[{"href":"https:\/\/365-housse.com\/es\/wp-json\/wp\/v2\/types\/product"}],"replies":[{"embeddable":true,"href":"https:\/\/365-housse.com\/es\/wp-json\/wp\/v2\/comments?post=20032"}],"wp:featuredmedia":[{"embeddable":true,"href":"https:\/\/365-housse.com\/es\/wp-json\/wp\/v2\/media\/15960"}],"wp:attachment":[{"href":"https:\/\/365-housse.com\/es\/wp-json\/wp\/v2\/media?parent=20032"}],"wp:term":[{"taxonomy":"product_cat","embeddable":true,"href":"https:\/\/365-housse.com\/es\/wp-json\/wp\/v2\/product_cat?post=20032"},{"taxonomy":"product_tag","embeddable":true,"href":"https:\/\/365-housse.com\/es\/wp-json\/wp\/v2\/product_tag?post=20032"}],"curies":[{"name":"wp","href":"https:\/\/api.w.org\/{rel}","templated":true}]}}