{"id":20372,"date":"2023-06-12T08:09:25","date_gmt":"2023-06-12T08:09:25","guid":{"rendered":"https:\/\/365-housse.com\/products\/housse-de-canape-extensible-summer\/"},"modified":"2024-09-17T15:09:40","modified_gmt":"2024-09-17T15:09:40","slug":"housse-de-canape-extensible-summer","status":"publish","type":"product","link":"https:\/\/365-housse.com\/es\/productos\/housse-de-canape-extensible-summer\/","title":{"rendered":"Funda de sof\u00e1 el\u00e1stica de verano"},"content":{"rendered":"<h2>\u00a1Dale a tu interior un toque contempor\u00e1neo y c\u00e1lido con la funda de sof\u00e1 el\u00e1stica Summer!<\/h2>\n<h3>Aporta comodidad y un aire veraniego a tu hogar gracias a la funda de sof\u00e1 el\u00e1stica Summer.<\/h3>\n<ul>\n<li>\n<p data-mce-fragment=\"1\">Acent\u00faa la<strong data-mce-fragment=\"1\">elegancia<\/strong><span data-mce-fragment=\"1\"> <\/span>y <span data-mce-fragment=\"1\"> <\/span><strong data-mce-fragment=\"1\">calienta<\/strong><span data-mce-fragment=\"1\"> <\/span>de tu espacio <\/p>\n<\/li>\n<li>\n<p data-mce-fragment=\"1\">F\u00e1cil transformaci\u00f3n de tu decoraci\u00f3n<\/p>\n<\/li>\n<li>\n<p data-mce-fragment=\"1\">A<span data-mce-fragment=\"1\"><\/span><strong data-mce-fragment=\"1\">protege<\/strong><span> <\/span>efectivo contra las manchas<\/p>\n<\/li>\n<li>\n<p data-mce-fragment=\"1\">Hecho de <strong data-mce-fragment=\"1\">tejido de calidad<\/strong><\/p>\n<\/li>\n<li data-mce-fragment=\"1\">F\u00e1cil instalaci\u00f3n<\/li>\n<\/ul>\n<p data-mce-fragment=\"1\"><strong data-mce-fragment=\"1\">Caracter\u00edsticas:<\/strong><\/p>\n<ul>\n<li>\n<p data-mce-fragment=\"1\">Material: Poli\u00e9ster y felpa (material el\u00e1stico)<\/p>\n<\/li>\n<li>\n<p data-mce-fragment=\"1\"><strong data-mce-fragment=\"1\">tejido de alta calidad<\/strong> para una mejor protecci\u00f3n<\/p>\n<\/li>\n<li>\n<p data-mce-fragment=\"1\">La impresi\u00f3n <strong data-mce-fragment=\"1\">de alto nivel<\/strong><span data-mce-fragment=\"1\"> <\/span>garantiza una mejor resistencia del color al lavado y a la luz<\/p>\n<\/li>\n<li>\n<p data-mce-fragment=\"1\">Lavar a m\u00e1quina a 30\u00b0C como m\u00e1ximo<\/p>\n<\/li>\n<li>\n<p data-mce-fragment=\"1\"><strong data-mce-fragment=\"1\">Usos m\u00faltiples<\/strong><span data-mce-fragment=\"1\"> <\/span>: sala de estar, sal\u00f3n comedor, dormitorio, despacho,&#8230;<\/p>\n<\/li>\n<li data-mce-fragment=\"1\">Varios tama\u00f1os disponibles<\/li>\n<\/ul>\n<p data-mce-fragment=\"1\"><strong data-mce-fragment=\"1\">Gu\u00eda de tallas: <\/strong><\/p>\n<p data-mce-fragment=\"1\"><img decoding=\"async\" alt=\"Gu\u00eda de tallas y medidas de una funda de sof\u00e1\" data-mce-fragment=\"1\" data-mce-src=\"https:\/\/365- Housse. com\/wp-content\/uploads\/2023\/06\/Guide-des-tailles-mesures-Housse-de-canape.jpg?v=1581085443\" data-mce-style=\"display: block; margin-left: auto; -derecha: autom\u00e1tico;\" height=\"602\" src=\"https:\/\/365-housse.com\/wp-content\/uploads\/2023\/06\/Guide-des-tailles-mesures-Housse-de-canape.jpg?v=1581085443\" \/><\/p>\n<p data-mce-fragment=\"1\"><span data-mce-fragment=\"1\">Nuestras fundas de sof\u00e1 el\u00e1sticas tienen <strong data-mce-fragment=\"1\">dimensiones universales<\/strong> y se adaptan a<strong data-mce-fragment=\"1\">diferentes\u00a0sof\u00e1s:<\/strong><\/span><\/p>\n<p data-mce-fragment=\"1\"><img decoding=\"async\" alt=\"Modelos y tipos de sof\u00e1s compatibles con nuestra funda de sof\u00e1 Stretch\" data-mce-fragment=\"1\" data-mce-src=\"https:\/\/ 365 -housse.com\/wp-content\/uploads\/2023\/06\/Modeles-types-canape-compatibles-avec-Housse-de-canape-extensible.jpg?v=1581085279\" data-mce-style=\"display: block ; margen izquierdo: autom\u00e1tico; margen derecho: autom\u00e1tico;\" height=\"146\" src=\"https:\/\/365-housse.com\/wp-content\/uploads\/2023\/06\/Modeles-types-canape-compatibles-avec-Housse-de-canape-extensible.jpg?v= 1581085279\" \/><\/p>\n<p data-mce-fragment=\"1\">C\u00f3mo<strong data-mce-fragment=\"1\"><span data-mce-fragment=\"1\"><\/span>instalar<\/strong><span> <\/span>mi funda de sof\u00e1 el\u00e1stica:<\/p>\n<p data-mce-fragment=\"1\"><img fetchpriority=\"high\" decoding=\"async\" alt=\"Instrucciones y pasos a seguir para instalar una Funda de Sof\u00e1\" data-mce-fragment=\"1\" data-mce-src=\"https:\/\/365 - housse.com\/wp-content\/uploads\/2023\/06\/Instructions-etapes-installation-pour-Housse-de-Canape.jpg?v=1581085043\" data-mce-style=\"display: block; margin-left: auto ; margen derecho: auto;\" height=\"398\" src=\"https:\/\/365-housse.com\/wp-content\/uploads\/2023\/06\/Instructions-etapes-installation-pour-Housse-de-Canape.jpg?v=1581085043\" style=\"margin-left: auto;margin-right: auto\" width=\"438\" \/><\/p>\n<p data-mce-fragment=\"1\">Vea la diferencia entre el <strong>sof\u00e1 antes y despu\u00e9s<\/ strong> usando una <em>funda expandible<\/em>! <img decoding=\"async\" alt=\"Ilustraci\u00f3n de la transformaci\u00f3n con una funda de sof\u00e1 el\u00e1stica\" data-mce-fragment=\"1\" data-mce-src=\"https:\/\/365-housse.com\/wp-content\/uploads\/2023\/ 06 \/Demostraci\u00f3n-Avant-Apres-Cover-de-canape-extensible.jpg?v=1581085887\" data-mce-style=\"display: block; margin-left: auto; margin-right: auto;\" height=\"356\" src=\"https:\/\/365-housse.com\/wp-content\/uploads\/2023\/06\/Demostraci\u00f3n-Avant-Apres-Housse-de-canape-extensible.jpg?v=1581085887\" \/><\/p>\n","protected":false},"excerpt":{"rendered":"<p>\u00a1Dale a tu interior un toque contempor\u00e1neo y c\u00e1lido con la funda de sof\u00e1 el\u00e1stica Summer! Aporta comodidad y un aire veraniego a tu hogar gracias a la funda de sof\u00e1 el\u00e1stica Summer. Acent\u00faa laelegancia y calienta de tu espacio F\u00e1cil transformaci\u00f3n de tu decoraci\u00f3n Aprotege efectivo contra las manchas Hecho de tejido de calidad [&hellip;]<\/p>\n","protected":false},"featured_media":15803,"comment_status":"open","ping_status":"closed","template":"","meta":[],"product_cat":[175,161],"product_tag":[213],"class_list":{"0":"post-20372","1":"product","2":"type-product","3":"status-publish","4":"has-post-thumbnail","6":"product_cat-funda-de-sofa-extensible","7":"product_cat-portada-interior","8":"product_tag-canape-es","10":"first","11":"instock","12":"shipping-taxable","13":"purchasable","14":"product-type-variable"},"yoast_head":"<title>Funda de sof\u00e1 el\u00e1stica de verano en entrega - gratis Ahorra un 30% en tu pedido<\/title>\n<meta name=\"description\" content=\"Recibe tu Funda de sof\u00e1 el\u00e1stica de verano hoy y benef\u00edciate de la entrega - gratuita Env\u00edo en 24\/48h\" \/>\n<meta name=\"robots\" content=\"index, follow, max-snippet:-1, max-image-preview:large, max-video-preview:-1\" \/>\n<link rel=\"canonical\" href=\"https:\/\/365-housse.com\/es\/productos\/housse-de-canape-extensible-summer\/\" \/>\n<meta property=\"og:locale\" content=\"es_ES\" \/>\n<meta property=\"og:type\" content=\"article\" \/>\n<meta property=\"og:title\" content=\"Funda de sof\u00e1 el\u00e1stica de verano en entrega - gratis Ahorra un 30% en tu pedido\" \/>\n<meta property=\"og:description\" content=\"Recibe tu Funda de sof\u00e1 el\u00e1stica de verano hoy y benef\u00edciate de la entrega - gratuita Env\u00edo en 24\/48h\" \/>\n<meta property=\"og:url\" content=\"https:\/\/365-housse.com\/es\/productos\/housse-de-canape-extensible-summer\/\" \/>\n<meta property=\"og:site_name\" content=\"Housse de Canap\u00e9\" \/>\n<meta property=\"article:modified_time\" content=\"2024-09-17T15:09:40+00:00\" \/>\n<meta property=\"og:image\" content=\"https:\/\/365-housse.com\/wp-content\/uploads\/2023\/06\/housse-de-canape-extensible-summer.png\" \/>\n\t<meta property=\"og:image:width\" content=\"497\" \/>\n\t<meta property=\"og:image:height\" content=\"502\" \/>\n\t<meta property=\"og:image:type\" content=\"image\/png\" \/>\n<meta name=\"twitter:card\" content=\"summary_large_image\" \/>\n<meta name=\"twitter:label1\" content=\"Tiempo de lectura\" \/>\n\t<meta name=\"twitter:data1\" content=\"1 minuto\" \/>\n<script type=\"application\/ld+json\" class=\"yoast-schema-graph\">{\"@context\":\"https:\/\/schema.org\",\"@graph\":[{\"@type\":\"WebPage\",\"@id\":\"https:\/\/365-housse.com\/es\/productos\/housse-de-canape-extensible-summer\/\",\"url\":\"https:\/\/365-housse.com\/es\/productos\/housse-de-canape-extensible-summer\/\",\"name\":\"Funda de sof\u00e1 el\u00e1stica de verano en entrega - gratis Ahorra un 30% en tu pedido\",\"isPartOf\":{\"@id\":\"https:\/\/365-housse.com\/es\/#website\"},\"primaryImageOfPage\":{\"@id\":\"https:\/\/365-housse.com\/es\/productos\/housse-de-canape-extensible-summer\/#primaryimage\"},\"image\":{\"@id\":\"https:\/\/365-housse.com\/es\/productos\/housse-de-canape-extensible-summer\/#primaryimage\"},\"thumbnailUrl\":\"https:\/\/365-housse.com\/wp-content\/uploads\/2023\/06\/housse-de-canape-extensible-summer.png\",\"datePublished\":\"2023-06-12T08:09:25+00:00\",\"dateModified\":\"2024-09-17T15:09:40+00:00\",\"description\":\"Recibe tu Funda de sof\u00e1 el\u00e1stica de verano hoy y benef\u00edciate de la entrega - gratuita Env\u00edo en 24\/48h\",\"breadcrumb\":{\"@id\":\"https:\/\/365-housse.com\/es\/productos\/housse-de-canape-extensible-summer\/#breadcrumb\"},\"inLanguage\":\"es\",\"potentialAction\":[{\"@type\":\"ReadAction\",\"target\":[\"https:\/\/365-housse.com\/es\/productos\/housse-de-canape-extensible-summer\/\"]}]},{\"@type\":\"ImageObject\",\"inLanguage\":\"es\",\"@id\":\"https:\/\/365-housse.com\/es\/productos\/housse-de-canape-extensible-summer\/#primaryimage\",\"url\":\"https:\/\/365-housse.com\/wp-content\/uploads\/2023\/06\/housse-de-canape-extensible-summer.png\",\"contentUrl\":\"https:\/\/365-housse.com\/wp-content\/uploads\/2023\/06\/housse-de-canape-extensible-summer.png\",\"width\":497,\"height\":502},{\"@type\":\"BreadcrumbList\",\"@id\":\"https:\/\/365-housse.com\/es\/productos\/housse-de-canape-extensible-summer\/#breadcrumb\",\"itemListElement\":[{\"@type\":\"ListItem\",\"position\":1,\"name\":\"Accueil\",\"item\":\"https:\/\/365-housse.com\/es\/\"},{\"@type\":\"ListItem\",\"position\":2,\"name\":\"Tienda\",\"item\":\"https:\/\/365-housse.com\/es\/tienda\/\"},{\"@type\":\"ListItem\",\"position\":3,\"name\":\"Funda de sof\u00e1 el\u00e1stica de verano\"}]},{\"@type\":\"WebSite\",\"@id\":\"https:\/\/365-housse.com\/es\/#website\",\"url\":\"https:\/\/365-housse.com\/es\/\",\"name\":\"Housse de Canap\u00e9\",\"description\":\"Le N\u00b01 de la Housse\",\"publisher\":{\"@id\":\"https:\/\/365-housse.com\/es\/#organization\"},\"potentialAction\":[{\"@type\":\"SearchAction\",\"target\":{\"@type\":\"EntryPoint\",\"urlTemplate\":\"https:\/\/365-housse.com\/es\/?s={search_term_string}\"},\"query-input\":{\"@type\":\"PropertyValueSpecification\",\"valueRequired\":true,\"valueName\":\"search_term_string\"}}],\"inLanguage\":\"es\"},{\"@type\":\"Organization\",\"@id\":\"https:\/\/365-housse.com\/es\/#organization\",\"name\":\"Housse de Canap\u00e9\",\"url\":\"https:\/\/365-housse.com\/es\/\",\"logo\":{\"@type\":\"ImageObject\",\"inLanguage\":\"es\",\"@id\":\"https:\/\/365-housse.com\/es\/#\/schema\/logo\/image\/\",\"url\":\"https:\/\/365-housse.com\/wp-content\/uploads\/2023\/06\/LOGO-400-\u00d7-200-px-392-x-134-px-16.png\",\"contentUrl\":\"https:\/\/365-housse.com\/wp-content\/uploads\/2023\/06\/LOGO-400-\u00d7-200-px-392-x-134-px-16.png\",\"width\":392,\"height\":134,\"caption\":\"Housse de Canap\u00e9\"},\"image\":{\"@id\":\"https:\/\/365-housse.com\/es\/#\/schema\/logo\/image\/\"}}]}<\/script>","yoast_head_json":{"title":"Funda de sof\u00e1 el\u00e1stica de verano en entrega - gratis Ahorra un 30% en tu pedido","description":"Recibe tu Funda de sof\u00e1 el\u00e1stica de verano hoy y benef\u00edciate de la entrega - gratuita Env\u00edo en 24\/48h","robots":{"index":"index","follow":"follow","max-snippet":"max-snippet:-1","max-image-preview":"max-image-preview:large","max-video-preview":"max-video-preview:-1"},"canonical":"https:\/\/365-housse.com\/es\/productos\/housse-de-canape-extensible-summer\/","og_locale":"es_ES","og_type":"article","og_title":"Funda de sof\u00e1 el\u00e1stica de verano en entrega - gratis Ahorra un 30% en tu pedido","og_description":"Recibe tu Funda de sof\u00e1 el\u00e1stica de verano hoy y benef\u00edciate de la entrega - gratuita Env\u00edo en 24\/48h","og_url":"https:\/\/365-housse.com\/es\/productos\/housse-de-canape-extensible-summer\/","og_site_name":"Housse de Canap\u00e9","article_modified_time":"2024-09-17T15:09:40+00:00","og_image":[{"width":497,"height":502,"url":"https:\/\/365-housse.com\/wp-content\/uploads\/2023\/06\/housse-de-canape-extensible-summer.png","type":"image\/png"}],"twitter_card":"summary_large_image","twitter_misc":{"Tiempo de lectura":"1 minuto"},"schema":{"@context":"https:\/\/schema.org","@graph":[{"@type":"WebPage","@id":"https:\/\/365-housse.com\/es\/productos\/housse-de-canape-extensible-summer\/","url":"https:\/\/365-housse.com\/es\/productos\/housse-de-canape-extensible-summer\/","name":"Funda de sof\u00e1 el\u00e1stica de verano en entrega - gratis Ahorra un 30% en tu pedido","isPartOf":{"@id":"https:\/\/365-housse.com\/es\/#website"},"primaryImageOfPage":{"@id":"https:\/\/365-housse.com\/es\/productos\/housse-de-canape-extensible-summer\/#primaryimage"},"image":{"@id":"https:\/\/365-housse.com\/es\/productos\/housse-de-canape-extensible-summer\/#primaryimage"},"thumbnailUrl":"https:\/\/365-housse.com\/wp-content\/uploads\/2023\/06\/housse-de-canape-extensible-summer.png","datePublished":"2023-06-12T08:09:25+00:00","dateModified":"2024-09-17T15:09:40+00:00","description":"Recibe tu Funda de sof\u00e1 el\u00e1stica de verano hoy y benef\u00edciate de la entrega - gratuita Env\u00edo en 24\/48h","breadcrumb":{"@id":"https:\/\/365-housse.com\/es\/productos\/housse-de-canape-extensible-summer\/#breadcrumb"},"inLanguage":"es","potentialAction":[{"@type":"ReadAction","target":["https:\/\/365-housse.com\/es\/productos\/housse-de-canape-extensible-summer\/"]}]},{"@type":"ImageObject","inLanguage":"es","@id":"https:\/\/365-housse.com\/es\/productos\/housse-de-canape-extensible-summer\/#primaryimage","url":"https:\/\/365-housse.com\/wp-content\/uploads\/2023\/06\/housse-de-canape-extensible-summer.png","contentUrl":"https:\/\/365-housse.com\/wp-content\/uploads\/2023\/06\/housse-de-canape-extensible-summer.png","width":497,"height":502},{"@type":"BreadcrumbList","@id":"https:\/\/365-housse.com\/es\/productos\/housse-de-canape-extensible-summer\/#breadcrumb","itemListElement":[{"@type":"ListItem","position":1,"name":"Accueil","item":"https:\/\/365-housse.com\/es\/"},{"@type":"ListItem","position":2,"name":"Tienda","item":"https:\/\/365-housse.com\/es\/tienda\/"},{"@type":"ListItem","position":3,"name":"Funda de sof\u00e1 el\u00e1stica de verano"}]},{"@type":"WebSite","@id":"https:\/\/365-housse.com\/es\/#website","url":"https:\/\/365-housse.com\/es\/","name":"Housse de Canap\u00e9","description":"Le N\u00b01 de la Housse","publisher":{"@id":"https:\/\/365-housse.com\/es\/#organization"},"potentialAction":[{"@type":"SearchAction","target":{"@type":"EntryPoint","urlTemplate":"https:\/\/365-housse.com\/es\/?s={search_term_string}"},"query-input":{"@type":"PropertyValueSpecification","valueRequired":true,"valueName":"search_term_string"}}],"inLanguage":"es"},{"@type":"Organization","@id":"https:\/\/365-housse.com\/es\/#organization","name":"Housse de Canap\u00e9","url":"https:\/\/365-housse.com\/es\/","logo":{"@type":"ImageObject","inLanguage":"es","@id":"https:\/\/365-housse.com\/es\/#\/schema\/logo\/image\/","url":"https:\/\/365-housse.com\/wp-content\/uploads\/2023\/06\/LOGO-400-\u00d7-200-px-392-x-134-px-16.png","contentUrl":"https:\/\/365-housse.com\/wp-content\/uploads\/2023\/06\/LOGO-400-\u00d7-200-px-392-x-134-px-16.png","width":392,"height":134,"caption":"Housse de Canap\u00e9"},"image":{"@id":"https:\/\/365-housse.com\/es\/#\/schema\/logo\/image\/"}}]}},"_links":{"self":[{"href":"https:\/\/365-housse.com\/es\/wp-json\/wp\/v2\/product\/20372"}],"collection":[{"href":"https:\/\/365-housse.com\/es\/wp-json\/wp\/v2\/product"}],"about":[{"href":"https:\/\/365-housse.com\/es\/wp-json\/wp\/v2\/types\/product"}],"replies":[{"embeddable":true,"href":"https:\/\/365-housse.com\/es\/wp-json\/wp\/v2\/comments?post=20372"}],"wp:featuredmedia":[{"embeddable":true,"href":"https:\/\/365-housse.com\/es\/wp-json\/wp\/v2\/media\/15803"}],"wp:attachment":[{"href":"https:\/\/365-housse.com\/es\/wp-json\/wp\/v2\/media?parent=20372"}],"wp:term":[{"taxonomy":"product_cat","embeddable":true,"href":"https:\/\/365-housse.com\/es\/wp-json\/wp\/v2\/product_cat?post=20372"},{"taxonomy":"product_tag","embeddable":true,"href":"https:\/\/365-housse.com\/es\/wp-json\/wp\/v2\/product_tag?post=20372"}],"curies":[{"name":"wp","href":"https:\/\/api.w.org\/{rel}","templated":true}]}}