{"id":20415,"date":"2023-06-12T08:08:12","date_gmt":"2023-06-12T08:08:12","guid":{"rendered":"https:\/\/365-housse.com\/products\/housse-chaise-scandinave-universelle-jaune-clair\/"},"modified":"2024-09-17T15:09:53","modified_gmt":"2024-09-17T15:09:53","slug":"housse-chaise-scandinave-universelle-jaune-clair","status":"publish","type":"product","link":"https:\/\/365-housse.com\/es\/productos\/housse-chaise-scandinave-universelle-jaune-clair\/","title":{"rendered":"Funda para silla escandinava universal en amarillo claro"},"content":{"rendered":"<h2 data-mce-fragment=\"1\" data-pm-slice=\"1 1 []\">Nuestra <strong data-mce-fragment=\"1\">Funda universal para silla escandinava de color amarillo claro<\/strong> es una <em data-mce-fragment=\"1\">imprescindible<\/em> para bodas, fiestas o cualquier evento especial en casa. Este color amarillo p\u00e1lido es perfecto para brindar un ambiente c\u00e1lido a su mesa o comedor. Esta funda tambi\u00e9n es ideal para servir como tel\u00f3n de fondo para las fotograf\u00edas de tus invitados o para resaltar el color de los manteles y servilletas blancos en una cena elegante.<\/h2>\n<p data-mce-fragment=\" 1\"><span data-mce-fragment=\"1\"><strong data-mce-fragment=\"1\">Ventajas:<\/strong><\/span><\/p>\n<ul data-mce-fragment=\" 1\">\n<li data-mce-fragment=\"1\">\n<p data-mce-fragment=\"1\">Aporta un toque de elegancia y estilo a tu interior<\/p>\n<\/li>\n<li data-mce-fragment=\" 1\">\n<p data-mce-fragment=\"1\">La funda de la silla proporciona una protecci\u00f3n \u00f3ptima contra el desgaste, la suciedad, las manchas, las mascotas,&#8230;<\/ p> <\/li>\n<li data-mce-fragment=\" 1\">\n<p data-mce-fragment=\"1\">Se ajusta r\u00e1pidamente, nuestras fundas protectoras tienen caracter\u00edsticas el\u00e1sticas que permiten un ajuste \u00f3ptimo al 99 % de los modelos de sillas<\/span><\/p>\n<\/li>\n<li><span data-mce-fragment=\"1\">Funda fabricada con un tejido de calidad superior<\/span><\/li>\n<\/ul>\n<p data-mce-fragment=\" 1\"><span data-mce-fragment=\"1\"><strong data-mce-fragment=\"1\"> Caracter\u00edsticas: <\/strong><\/span><\/p>\n<ul data-mce-fragment=\" 1\">\n<li data-mce-fragment=\"1\">\n<p data-mce-fragment=\"1\"> <span data-mce-fragment=\"1\">Material: <\/span><span data-mce>Poli\u00e9ster el\u00e1stico de alta calidad<\/span><\/p>\n<\/li>\n<li>\n<p data-mce-fragment=\"1\"><span>Tejido de alta densidad para proteger tu silla de manchas inesperadas<\/span><\/p>\n<\/li>\n<li data-mce-fragment=\"1\">\n<p data-mce-fragment=\"1\"><span data-mce-fragment=\"1\">Tecnolog\u00eda de impresi\u00f3n <strong data-mce>ultra eficiente<\/strong> para una mayor resistencia del color a la luz y al lavado<\/span><\/p>\n<\/li>\n<li data-mce-fragment=\"1\">\n<p data-mce-fragment=\"1\"><span data-mce-fragment=\"1\">F\u00e1cil de poner <\/span> <\/p>\n<\/li>\n<li data-mce-fragment=\"1\">\n<p data-mce-fragment=\"1\"><span data-mce-fragment=\"1\">Mantenga su silla limpia y en buen estado<\/span><br data-mce-fragment=\"1\" \/><\/p>\n<\/li>\n<li data-mce-fragment=\"1\">\n<p data-mce-fragment=\"1\"><span data-mce-fragment=\"1\">El dise\u00f1o de banda el\u00e1stica proporciona un ajuste perfecto y un agarre antideslizante<\/span><\/p>\n<\/li>\n<li data-mce-fragment=\"1\">\n<p data-mce-fragment=\"1\">Lavable a m\u00e1quina<\/p>\n<\/li>\n<\/ul>\n<p data-mce-fragment=\"1\"><span data-mce-fragment=\"1\"><strong data-mce-fragment=\"1\">Tabla de tallas:<\/ strong><\/span><\/p>\n<p data-mce-fragment=\"1\" data-mce-style=\"text-align: center;\" style=\"text-align: center\"><img decoding=\"async\" alt=\"\" data-mce-fragment=\"1\" data-mce-src=\"https:\/\/365-housse.com\/wp-content\/uploads\/2023\/ 06\/housse-de-chaise-scandinave-taille_480x480.jpg?v=1676224716\" src=\"https:\/\/365-housse.com\/wp-content\/uploads\/2023\/06\/housse-de-chaise-scandinave-taille_480x480 .jpg?v=1676224716\" \/><\/p>\n<div data-mce-fragment=\"1\">\n<div data-mce-fragment=\"1\"><span data-mce-fragment=\"1\">Nuestro Las fundas para sillas escandinavas son universales y adecuadas para muchas sillas<\/span><\/div>\n<div data-mce-fragment=\"1\"> <span data-mce-fragment=\"1\"><\/span><\/div>\n<div data-mce-fragment=\"1\"><span data-mce-fragment=\"1\"><img decoding=\"async\" alt=\"\" data-mce-fragment=\" 1\" data-mce-src=\"https:\/\/365-housse.com\/wp-content\/uploads\/2023\/06\/Capture_d_ecran_2021-06-22_a_15.41.07_480x480.png?v=1624369341\" data-mce-style=\"pantalla: bloque; margen izquierdo: autom\u00e1tico; margen derecho: autom\u00e1tico;\" src=\"https:\/\/365-housse.com\/wp-content\/uploads\/2023\/06\/Capture_d_ecran_2021-06-22_a_15.41.07_480x480.png?v=1624369341\" \/><\/span><\/div>\n<div data-mce-fragment=\"1\"> <span data-mce-fragment=\"1\"><\/span> <\/div>\n<\/p><\/div>\n<div><span> <\/span><\/div>\n<h2 data-mce-fragment=\"1\" data-pm-slice=\"1 1 []\">Nuestra <strong data-mce-fragment=\"1\">Funda universal para silla escandinava de color amarillo claro<\/strong> es una <em data-mce-fragment=\"1\">indispensable<\/em> para bodas, fiestas o cualquier otra celebraci\u00f3n especial en casa. Este tono amarillo p\u00e1lido es perfecto para crear un ambiente agradable en tu mesa o comedor. Esta funda tambi\u00e9n es ideal como tel\u00f3n de fondo para la sesi\u00f3n de fotos de tus invitados o para resaltar el color de los manteles y servilletas blancos en una cena elegante.<\/h2>\n<p data-mce-fragment=\" 1\"><span><strong data-mce-fragment=\"1\">Ventajas:<\/strong><\/span><\/p>\n<ul data-mce-fragment=\" 1\">\n<li>\n<p data-mce-fragment=\"1\">Aporta un toque de elegancia y estilo a tu interior<\/p>\n<\/li>\n<li data-mce-fragment=\"1\">\n<p data-mce-fragment=\"1\">La funda de la silla ofrece una protecci\u00f3n \u00f3ptima contra el desgaste, la suciedad, las manchas, las mascotas,&#8230;<\/ p> <\/li>\n<p> &lt;li data-mce-fragment=&quot; <\/p>\n<div data-mce-fragment=\"1\"><span>Diferencia antes\/despu\u00e9s: <\/span><\/div>\n<div data-mce-fragment=\"1\"><span><img decoding=\"async\" alt=\"\" src=\"https:\/\/365-housse.com\/wp-content\/uploads\/2023\/06\/housse-de-chaise- scandinavian-usage_480x480.jpg?v=1676225221\" style=\"margin-left: auto;margin-right: auto\" \/><\/span><\/div>\n<h3><\/h3>\n<h3 data-mce-fragment=\"1\">NOTA: Comience envolviendo la <strong data-mce-fragment=\"1\"> <\/strong>funda para silla escandinava<span data-mce-fragment=\"1\"> <\/span>Amarillo claro universal<strong data-mce-fragment=\"1\"> <\/strong>\u00a1desde atr\u00e1s!\u00a0<\/h3>\n<p data-mce-fragment=\"1\" data-mce-style=\"text-align: center;\" style=\"text-align: center\"><img decoding=\"async\" alt=\"\" data-mce-fragment=\"1\" data-mce-src=\"https:\/\/365-housse.com\/wp-content\/uploads\/2023\/ 06\/housse-de-chaise-scandinave-installation_d3b6f09d-b453-4b54-a6f8-2e488db2e138_480x480.jpg?v=1676224980\" src=\"https:\/\/365-housse.com\/wp-content\/uploads\/2023\/06\/housse -de-instalaci\u00f3n-de-silla-escandinava_d3b6f09d-b453-4b54-a6f8-2e488db2e138_480x480.jpg?v=1676224980\" \/><br data-mce-fragment=\"1\" \/><\/p>\n<p data-pm-slice=\"1 1 []\">Este <a href=\"https:\/\/365-housse.com\/es\/collections\/funda-para-silla-escandinava\/\" rel=\"noopener\" title=\"Funda para silla escandinava\"><strong>Funda para silla escandinava<\/strong><\/a> es el complemento perfecto para cualquier habitaci\u00f3n. \u00a1Con un elegante jacquard, se adapta a todas las edades y a todos los estilos de sillas de su hogar u oficina! Es una soluci\u00f3n vers\u00e1til y accesible para proteger tus sillas. Nuestro <a href=\"https:\/\/365-housse.com\/products\/housse-chaise-scandinave-universelle-bordeaux\/\" rel=\"noopener\" target=\"_blank\" title=\"Funda universal para silla escandinava Burdeos\"> <strong>Funda para silla universal escandinava color burdeos<\/strong><\/a> tambi\u00e9n es una hermosa adici\u00f3n a cualquier espacio de su hogar. Util\u00edzalo donde quieras, pero principalmente en tu sal\u00f3n, dormitorio u otra zona de relax.<\/p>\n","protected":false},"excerpt":{"rendered":"<p>Nuestra Funda universal para silla escandinava de color amarillo claro es una imprescindible para bodas, fiestas o cualquier evento especial en casa. Este color amarillo p\u00e1lido es perfecto para brindar un ambiente c\u00e1lido a su mesa o comedor. Esta funda tambi\u00e9n es ideal para servir como tel\u00f3n de fondo para las fotograf\u00edas de tus invitados [&hellip;]<\/p>\n","protected":false},"featured_media":15768,"comment_status":"open","ping_status":"closed","template":"","meta":[],"product_cat":[156,161],"product_tag":[212],"class_list":{"0":"post-20415","1":"product","2":"type-product","3":"status-publish","4":"has-post-thumbnail","6":"product_cat-funda-para-silla-escandinava","7":"product_cat-portada-interior","8":"product_tag-chaise-es","10":"first","11":"instock","12":"shipping-taxable","13":"purchasable","14":"product-type-simple"},"yoast_head":"<title>Funda para silla escandinava universal en amarillo claro en entrega - gratis Ahorra un 30% en tu pedido<\/title>\n<meta name=\"description\" content=\"Recibe tu Funda para silla escandinava universal en amarillo claro hoy y benef\u00edciate de la entrega - gratuita Env\u00edo en 24\/48h\" \/>\n<meta name=\"robots\" content=\"index, follow, max-snippet:-1, max-image-preview:large, max-video-preview:-1\" \/>\n<link rel=\"canonical\" href=\"https:\/\/365-housse.com\/es\/productos\/housse-chaise-scandinave-universelle-jaune-clair\/\" \/>\n<meta property=\"og:locale\" content=\"es_ES\" \/>\n<meta property=\"og:type\" content=\"article\" \/>\n<meta property=\"og:title\" content=\"Funda para silla escandinava universal en amarillo claro en entrega - gratis Ahorra un 30% en tu pedido\" \/>\n<meta property=\"og:description\" content=\"Recibe tu Funda para silla escandinava universal en amarillo claro hoy y benef\u00edciate de la entrega - gratuita Env\u00edo en 24\/48h\" \/>\n<meta property=\"og:url\" content=\"https:\/\/365-housse.com\/es\/productos\/housse-chaise-scandinave-universelle-jaune-clair\/\" \/>\n<meta property=\"og:site_name\" content=\"Housse de Canap\u00e9\" \/>\n<meta property=\"article:modified_time\" content=\"2024-09-17T15:09:53+00:00\" \/>\n<meta property=\"og:image\" content=\"https:\/\/365-housse.com\/wp-content\/uploads\/2023\/06\/housse-de-chaise-scandinave-jaune-clair.jpg\" \/>\n\t<meta property=\"og:image:width\" content=\"443\" \/>\n\t<meta property=\"og:image:height\" content=\"469\" \/>\n\t<meta property=\"og:image:type\" content=\"image\/jpeg\" \/>\n<meta name=\"twitter:card\" content=\"summary_large_image\" \/>\n<meta name=\"twitter:label1\" content=\"Tiempo de lectura\" \/>\n\t<meta name=\"twitter:data1\" content=\"2 minutos\" \/>\n<script type=\"application\/ld+json\" class=\"yoast-schema-graph\">{\"@context\":\"https:\/\/schema.org\",\"@graph\":[{\"@type\":\"WebPage\",\"@id\":\"https:\/\/365-housse.com\/es\/productos\/housse-chaise-scandinave-universelle-jaune-clair\/\",\"url\":\"https:\/\/365-housse.com\/es\/productos\/housse-chaise-scandinave-universelle-jaune-clair\/\",\"name\":\"Funda para silla escandinava universal en amarillo claro en entrega - gratis Ahorra un 30% en tu pedido\",\"isPartOf\":{\"@id\":\"https:\/\/365-housse.com\/es\/#website\"},\"primaryImageOfPage\":{\"@id\":\"https:\/\/365-housse.com\/es\/productos\/housse-chaise-scandinave-universelle-jaune-clair\/#primaryimage\"},\"image\":{\"@id\":\"https:\/\/365-housse.com\/es\/productos\/housse-chaise-scandinave-universelle-jaune-clair\/#primaryimage\"},\"thumbnailUrl\":\"https:\/\/365-housse.com\/wp-content\/uploads\/2023\/06\/housse-de-chaise-scandinave-jaune-clair.jpg\",\"datePublished\":\"2023-06-12T08:08:12+00:00\",\"dateModified\":\"2024-09-17T15:09:53+00:00\",\"description\":\"Recibe tu Funda para silla escandinava universal en amarillo claro hoy y benef\u00edciate de la entrega - gratuita Env\u00edo en 24\/48h\",\"breadcrumb\":{\"@id\":\"https:\/\/365-housse.com\/es\/productos\/housse-chaise-scandinave-universelle-jaune-clair\/#breadcrumb\"},\"inLanguage\":\"es\",\"potentialAction\":[{\"@type\":\"ReadAction\",\"target\":[\"https:\/\/365-housse.com\/es\/productos\/housse-chaise-scandinave-universelle-jaune-clair\/\"]}]},{\"@type\":\"ImageObject\",\"inLanguage\":\"es\",\"@id\":\"https:\/\/365-housse.com\/es\/productos\/housse-chaise-scandinave-universelle-jaune-clair\/#primaryimage\",\"url\":\"https:\/\/365-housse.com\/wp-content\/uploads\/2023\/06\/housse-de-chaise-scandinave-jaune-clair.jpg\",\"contentUrl\":\"https:\/\/365-housse.com\/wp-content\/uploads\/2023\/06\/housse-de-chaise-scandinave-jaune-clair.jpg\",\"width\":443,\"height\":469},{\"@type\":\"BreadcrumbList\",\"@id\":\"https:\/\/365-housse.com\/es\/productos\/housse-chaise-scandinave-universelle-jaune-clair\/#breadcrumb\",\"itemListElement\":[{\"@type\":\"ListItem\",\"position\":1,\"name\":\"Accueil\",\"item\":\"https:\/\/365-housse.com\/es\/\"},{\"@type\":\"ListItem\",\"position\":2,\"name\":\"Tienda\",\"item\":\"https:\/\/365-housse.com\/es\/tienda\/\"},{\"@type\":\"ListItem\",\"position\":3,\"name\":\"Funda para silla escandinava universal en amarillo claro\"}]},{\"@type\":\"WebSite\",\"@id\":\"https:\/\/365-housse.com\/es\/#website\",\"url\":\"https:\/\/365-housse.com\/es\/\",\"name\":\"Housse de Canap\u00e9\",\"description\":\"Le N\u00b01 de la Housse\",\"publisher\":{\"@id\":\"https:\/\/365-housse.com\/es\/#organization\"},\"potentialAction\":[{\"@type\":\"SearchAction\",\"target\":{\"@type\":\"EntryPoint\",\"urlTemplate\":\"https:\/\/365-housse.com\/es\/?s={search_term_string}\"},\"query-input\":{\"@type\":\"PropertyValueSpecification\",\"valueRequired\":true,\"valueName\":\"search_term_string\"}}],\"inLanguage\":\"es\"},{\"@type\":\"Organization\",\"@id\":\"https:\/\/365-housse.com\/es\/#organization\",\"name\":\"Housse de Canap\u00e9\",\"url\":\"https:\/\/365-housse.com\/es\/\",\"logo\":{\"@type\":\"ImageObject\",\"inLanguage\":\"es\",\"@id\":\"https:\/\/365-housse.com\/es\/#\/schema\/logo\/image\/\",\"url\":\"https:\/\/365-housse.com\/wp-content\/uploads\/2023\/06\/LOGO-400-\u00d7-200-px-392-x-134-px-16.png\",\"contentUrl\":\"https:\/\/365-housse.com\/wp-content\/uploads\/2023\/06\/LOGO-400-\u00d7-200-px-392-x-134-px-16.png\",\"width\":392,\"height\":134,\"caption\":\"Housse de Canap\u00e9\"},\"image\":{\"@id\":\"https:\/\/365-housse.com\/es\/#\/schema\/logo\/image\/\"}}]}<\/script>","yoast_head_json":{"title":"Funda para silla escandinava universal en amarillo claro en entrega - gratis Ahorra un 30% en tu pedido","description":"Recibe tu Funda para silla escandinava universal en amarillo claro hoy y benef\u00edciate de la entrega - gratuita Env\u00edo en 24\/48h","robots":{"index":"index","follow":"follow","max-snippet":"max-snippet:-1","max-image-preview":"max-image-preview:large","max-video-preview":"max-video-preview:-1"},"canonical":"https:\/\/365-housse.com\/es\/productos\/housse-chaise-scandinave-universelle-jaune-clair\/","og_locale":"es_ES","og_type":"article","og_title":"Funda para silla escandinava universal en amarillo claro en entrega - gratis Ahorra un 30% en tu pedido","og_description":"Recibe tu Funda para silla escandinava universal en amarillo claro hoy y benef\u00edciate de la entrega - gratuita Env\u00edo en 24\/48h","og_url":"https:\/\/365-housse.com\/es\/productos\/housse-chaise-scandinave-universelle-jaune-clair\/","og_site_name":"Housse de Canap\u00e9","article_modified_time":"2024-09-17T15:09:53+00:00","og_image":[{"width":443,"height":469,"url":"https:\/\/365-housse.com\/wp-content\/uploads\/2023\/06\/housse-de-chaise-scandinave-jaune-clair.jpg","type":"image\/jpeg"}],"twitter_card":"summary_large_image","twitter_misc":{"Tiempo de lectura":"2 minutos"},"schema":{"@context":"https:\/\/schema.org","@graph":[{"@type":"WebPage","@id":"https:\/\/365-housse.com\/es\/productos\/housse-chaise-scandinave-universelle-jaune-clair\/","url":"https:\/\/365-housse.com\/es\/productos\/housse-chaise-scandinave-universelle-jaune-clair\/","name":"Funda para silla escandinava universal en amarillo claro en entrega - gratis Ahorra un 30% en tu pedido","isPartOf":{"@id":"https:\/\/365-housse.com\/es\/#website"},"primaryImageOfPage":{"@id":"https:\/\/365-housse.com\/es\/productos\/housse-chaise-scandinave-universelle-jaune-clair\/#primaryimage"},"image":{"@id":"https:\/\/365-housse.com\/es\/productos\/housse-chaise-scandinave-universelle-jaune-clair\/#primaryimage"},"thumbnailUrl":"https:\/\/365-housse.com\/wp-content\/uploads\/2023\/06\/housse-de-chaise-scandinave-jaune-clair.jpg","datePublished":"2023-06-12T08:08:12+00:00","dateModified":"2024-09-17T15:09:53+00:00","description":"Recibe tu Funda para silla escandinava universal en amarillo claro hoy y benef\u00edciate de la entrega - gratuita Env\u00edo en 24\/48h","breadcrumb":{"@id":"https:\/\/365-housse.com\/es\/productos\/housse-chaise-scandinave-universelle-jaune-clair\/#breadcrumb"},"inLanguage":"es","potentialAction":[{"@type":"ReadAction","target":["https:\/\/365-housse.com\/es\/productos\/housse-chaise-scandinave-universelle-jaune-clair\/"]}]},{"@type":"ImageObject","inLanguage":"es","@id":"https:\/\/365-housse.com\/es\/productos\/housse-chaise-scandinave-universelle-jaune-clair\/#primaryimage","url":"https:\/\/365-housse.com\/wp-content\/uploads\/2023\/06\/housse-de-chaise-scandinave-jaune-clair.jpg","contentUrl":"https:\/\/365-housse.com\/wp-content\/uploads\/2023\/06\/housse-de-chaise-scandinave-jaune-clair.jpg","width":443,"height":469},{"@type":"BreadcrumbList","@id":"https:\/\/365-housse.com\/es\/productos\/housse-chaise-scandinave-universelle-jaune-clair\/#breadcrumb","itemListElement":[{"@type":"ListItem","position":1,"name":"Accueil","item":"https:\/\/365-housse.com\/es\/"},{"@type":"ListItem","position":2,"name":"Tienda","item":"https:\/\/365-housse.com\/es\/tienda\/"},{"@type":"ListItem","position":3,"name":"Funda para silla escandinava universal en amarillo claro"}]},{"@type":"WebSite","@id":"https:\/\/365-housse.com\/es\/#website","url":"https:\/\/365-housse.com\/es\/","name":"Housse de Canap\u00e9","description":"Le N\u00b01 de la Housse","publisher":{"@id":"https:\/\/365-housse.com\/es\/#organization"},"potentialAction":[{"@type":"SearchAction","target":{"@type":"EntryPoint","urlTemplate":"https:\/\/365-housse.com\/es\/?s={search_term_string}"},"query-input":{"@type":"PropertyValueSpecification","valueRequired":true,"valueName":"search_term_string"}}],"inLanguage":"es"},{"@type":"Organization","@id":"https:\/\/365-housse.com\/es\/#organization","name":"Housse de Canap\u00e9","url":"https:\/\/365-housse.com\/es\/","logo":{"@type":"ImageObject","inLanguage":"es","@id":"https:\/\/365-housse.com\/es\/#\/schema\/logo\/image\/","url":"https:\/\/365-housse.com\/wp-content\/uploads\/2023\/06\/LOGO-400-\u00d7-200-px-392-x-134-px-16.png","contentUrl":"https:\/\/365-housse.com\/wp-content\/uploads\/2023\/06\/LOGO-400-\u00d7-200-px-392-x-134-px-16.png","width":392,"height":134,"caption":"Housse de Canap\u00e9"},"image":{"@id":"https:\/\/365-housse.com\/es\/#\/schema\/logo\/image\/"}}]}},"_links":{"self":[{"href":"https:\/\/365-housse.com\/es\/wp-json\/wp\/v2\/product\/20415"}],"collection":[{"href":"https:\/\/365-housse.com\/es\/wp-json\/wp\/v2\/product"}],"about":[{"href":"https:\/\/365-housse.com\/es\/wp-json\/wp\/v2\/types\/product"}],"replies":[{"embeddable":true,"href":"https:\/\/365-housse.com\/es\/wp-json\/wp\/v2\/comments?post=20415"}],"wp:featuredmedia":[{"embeddable":true,"href":"https:\/\/365-housse.com\/es\/wp-json\/wp\/v2\/media\/15768"}],"wp:attachment":[{"href":"https:\/\/365-housse.com\/es\/wp-json\/wp\/v2\/media?parent=20415"}],"wp:term":[{"taxonomy":"product_cat","embeddable":true,"href":"https:\/\/365-housse.com\/es\/wp-json\/wp\/v2\/product_cat?post=20415"},{"taxonomy":"product_tag","embeddable":true,"href":"https:\/\/365-housse.com\/es\/wp-json\/wp\/v2\/product_tag?post=20415"}],"curies":[{"name":"wp","href":"https:\/\/api.w.org\/{rel}","templated":true}]}}